{"id":4356,"date":"2025-12-18T14:30:47","date_gmt":"2025-12-18T13:30:47","guid":{"rendered":"https:\/\/dswebsite.live-website.com\/?post_type=job&#038;p=4356"},"modified":"2026-03-13T19:52:42","modified_gmt":"2026-03-13T18:52:42","slug":"ausbildung-kaufmann-frau","status":"publish","type":"job","link":"https:\/\/ds-bremen.de\/en\/job\/ausbildung-kaufmann-frau\/","title":{"rendered":"Ausbildung Kaufmann im Gro\u00df- und Au\u00dfenhandels\u00admanagement"},"content":{"rendered":"<p>[et_pb_section fb_built=&#8221;1&#8243; _builder_version=&#8221;4.27.4&#8243; _module_preset=&#8221;default&#8221; custom_padding=&#8221;5%||5%||true|false&#8221; global_colors_info=&#8221;{}&#8221;][et_pb_row _builder_version=&#8221;4.27.4&#8243; _module_preset=&#8221;default&#8221; background_color=&#8221;#FFE600&#8243; width=&#8221;100%&#8221; custom_margin=&#8221;||||false&#8221; custom_padding=&#8221;50px||50px||true|false&#8221; hover_enabled=&#8221;0&#8243; global_module=&#8221;4395&#8243; saved_tabs=&#8221;all&#8221; global_colors_info=&#8221;{}&#8221; sticky_enabled=&#8221;0&#8243;][et_pb_column type=&#8221;4_4&#8243; _builder_version=&#8221;4.27.4&#8243; _module_preset=&#8221;default&#8221; global_colors_info=&#8221;{}&#8221;][et_pb_text module_class=&#8221;f900&#8243; _builder_version=&#8221;4.27.4&#8243; _module_preset=&#8221;default&#8221; text_font_size=&#8221;28px&#8221; text_orientation=&#8221;center&#8221; custom_margin=&#8221;||5px||false|false&#8221; hover_enabled=&#8221;0&#8243; global_colors_info=&#8221;{}&#8221; sticky_enabled=&#8221;0&#8243;]<\/p>\n<p>Deine Ausbildung mit Perspektive<\/p>\n<p>[\/et_pb_text][et_pb_text _builder_version=&#8221;4.27.4&#8243; _module_preset=&#8221;default&#8221; text_font_size=&#8221;19px&#8221; text_orientation=&#8221;center&#8221; custom_margin=&#8221;||30px||false|false&#8221; hover_enabled=&#8221;0&#8243; global_colors_info=&#8221;{}&#8221; sticky_enabled=&#8221;0&#8243;]<\/p>\n<p>in der Diersch &amp; Schr\u00f6der Unternehmensgruppe<\/p>\n<p>[\/et_pb_text][et_pb_video src=&#8221;https:\/\/ds-bremen.de\/wp-content\/uploads\/2025\/03\/ds-azubifilm-2023.mp4&#8243; image_src=&#8221;https:\/\/ds-bremen.de\/wp-content\/uploads\/2025\/05\/vorschaubild-azubifilm.webp&#8221; _builder_version=&#8221;4.27.4&#8243; _module_preset=&#8221;default&#8221; max_width=&#8221;80%&#8221; module_alignment=&#8221;center&#8221; hover_enabled=&#8221;0&#8243; box_shadow_style=&#8221;preset1&#8243; global_colors_info=&#8221;{}&#8221; sticky_enabled=&#8221;0&#8243;][\/et_pb_video][\/et_pb_column][\/et_pb_row][et_pb_row column_structure=&#8221;2_3,1_3&#8243; _builder_version=&#8221;4.27.4&#8243; _module_preset=&#8221;default&#8221; width=&#8221;100%&#8221; custom_margin=&#8221;40px||||false|false&#8221; custom_padding=&#8221;0px||0px||true|false&#8221; global_colors_info=&#8221;{}&#8221;][et_pb_column type=&#8221;2_3&#8243; _builder_version=&#8221;4.27.4&#8243; _module_preset=&#8221;default&#8221; global_colors_info=&#8221;{}&#8221;][et_pb_text admin_label=&#8221;Text \u00fcber Headline&#8221; _builder_version=&#8221;4.27.4&#8243; _module_preset=&#8221;default&#8221; custom_margin=&#8221;||10px||false|false&#8221; hover_enabled=&#8221;0&#8243; global_colors_info=&#8221;{}&#8221; sticky_enabled=&#8221;0&#8243;]<\/p>\n<p>Im Zuge unserer Wachstumsstrategie suchen wir dich als<\/p>\n<p>[\/et_pb_text][et_pb_text admin_label=&#8221;AUTO: Jobtitel&#8221; module_class=&#8221;f900&#8243; _builder_version=&#8221;4.27.4&#8243; _dynamic_attributes=&#8221;content&#8221; _module_preset=&#8221;default&#8221; header_line_height=&#8221;1.1em&#8221; custom_margin=&#8221;||10px||false|false&#8221; hover_enabled=&#8221;0&#8243; global_colors_info=&#8221;{}&#8221; sticky_enabled=&#8221;0&#8243;]@ET-DC@eyJkeW5hbWljIjp0cnVlLCJjb250ZW50IjoiY3VzdG9tX21ldGFfam9iYmV6ZWljaG51bmciLCJzZXR0aW5ncyI6eyJiZWZvcmUiOiI8aDE+IiwiYWZ0ZXIiOiI8L2gxPiIsImVuYWJsZV9odG1sIjoib2ZmIn19@[\/et_pb_text][et_pb_text admin_label=&#8221;AUTO: Beschreibungtext&#8221; _builder_version=&#8221;4.27.4&#8243; _dynamic_attributes=&#8221;content&#8221; _module_preset=&#8221;default&#8221; custom_margin=&#8221;||5px||false|false&#8221; hover_enabled=&#8221;0&#8243; global_colors_info=&#8221;{}&#8221; sticky_enabled=&#8221;0&#8243;]@ET-DC@eyJkeW5hbWljIjp0cnVlLCJjb250ZW50IjoiY3VzdG9tX21ldGFfYWxsZ2VtZWluZV9iZXNjaHJlaWJ1bmciLCJzZXR0aW5ncyI6eyJiZWZvcmUiOiI8cD4iLCJhZnRlciI6IjwvcD4iLCJlbmFibGVfaHRtbCI6Im9uIn19@[\/et_pb_text][et_pb_de_mach_acf_item acf_name=&#8221;field_67d98c0180421&#8243; acf_tag=&#8221;div&#8221; show_label=&#8221;off&#8221; return_format=&#8221;url&#8221; link_button=&#8221;on&#8221; link_button_text=&#8221;Jetzt bewerben&#8221; admin_label=&#8221;AUTO: Bewerbungslink&#8221; module_class=&#8221;jobbuttonunten&#8221; _builder_version=&#8221;4.27.4&#8243; _module_preset=&#8221;default&#8221; custom_button=&#8221;on&#8221; button_text_color=&#8221;#3C3C3B&#8221; button_bg_color=&#8221;#FFE600&#8243; button_use_icon=&#8221;off&#8221; global_colors_info=&#8221;{}&#8221; button_bg_color__hover_enabled=&#8221;on|hover&#8221; button_bg_color__hover=&#8221;#3C3C3B&#8221; button_bg_enable_color__hover=&#8221;on&#8221; button_text_color__hover_enabled=&#8221;on|desktop&#8221; button_text_color__hover=&#8221;#FFFFFF&#8221;][\/et_pb_de_mach_acf_item][\/et_pb_column][et_pb_column type=&#8221;1_3&#8243; _builder_version=&#8221;4.27.4&#8243; _module_preset=&#8221;default&#8221; background_color=&#8221;#F2F2F2&#8243; custom_padding=&#8221;30px|20px|30px|20px|true|true&#8221; global_colors_info=&#8221;{}&#8221;][et_pb_image src=&#8221;https:\/\/ds-bremen.de\/wp-content\/uploads\/2025\/05\/icon-karriere-arbeit.svg&#8221; alt=&#8221;Job Icon&#8221; title_text=&#8221;icon-karriere-arbeit&#8221; align=&#8221;center&#8221; admin_label=&#8221;Icon&#8221; _builder_version=&#8221;4.27.5&#8243; _module_preset=&#8221;default&#8221; max_width=&#8221;90px&#8221; module_alignment=&#8221;center&#8221; hover_enabled=&#8221;0&#8243; global_colors_info=&#8221;{}&#8221; sticky_enabled=&#8221;0&#8243;][\/et_pb_image][et_pb_text admin_label=&#8221;Text f\u00fcr Kasten&#8221; _builder_version=&#8221;4.27.5&#8243; _module_preset=&#8221;default&#8221; text_orientation=&#8221;center&#8221; hover_enabled=&#8221;0&#8243; global_colors_info=&#8221;{}&#8221; sticky_enabled=&#8221;0&#8243;]<\/p>\n<p>ab 01. August 2026<br \/>in M\u00f6nchengladbach und Garching<br \/>98 % \u00dcbernahmequote<\/p>\n<p>[\/et_pb_text][\/et_pb_column][\/et_pb_row][et_pb_row column_structure=&#8221;1_2,1_2&#8243; _builder_version=&#8221;4.27.4&#8243; _module_preset=&#8221;default&#8221; width=&#8221;100%&#8221; custom_margin=&#8221;50px||||false|false&#8221; custom_padding=&#8221;0px||0px||true|false&#8221; global_colors_info=&#8221;{}&#8221;][et_pb_column type=&#8221;1_2&#8243; _builder_version=&#8221;4.27.4&#8243; _module_preset=&#8221;default&#8221; global_colors_info=&#8221;{}&#8221;][et_pb_toggle title=&#8221;Das erwartet dich:&#8221; open_toggle_text_color=&#8221;#3C3C3B&#8221; open_toggle_background_color=&#8221;#F2F2F2&#8243; closed_toggle_background_color=&#8221;#F2F2F2&#8243; icon_color=&#8221;#3C3C3B&#8221; toggle_icon=&#8221;&#x4c;||divi||400&#8243; use_icon_font_size=&#8221;on&#8221; icon_font_size=&#8221;22px&#8221; open_icon_color=&#8221;#3C3C3B&#8221; open_toggle_icon=&#8221;&#x4b;||divi||400&#8243; open_use_icon_font_size=&#8221;on&#8221; open_icon_font_size=&#8221;22px&#8221; admin_label=&#8221;AUTO: Aufgaben&#8221; _builder_version=&#8221;4.27.4&#8243; _dynamic_attributes=&#8221;content&#8221; _module_preset=&#8221;default&#8221; title_text_color=&#8221;#3C3C3B&#8221; title_level=&#8221;h3&#8243; title_font_size=&#8221;20px&#8221; border_width_all=&#8221;0px&#8221; global_colors_info=&#8221;{}&#8221;]@ET-DC@eyJkeW5hbWljIjp0cnVlLCJjb250ZW50IjoiY3VzdG9tX21ldGFfYXVmZ2FiZW4iLCJzZXR0aW5ncyI6eyJiZWZvcmUiOiIiLCJhZnRlciI6IiIsImVuYWJsZV9odG1sIjoib24ifX0=@[\/et_pb_toggle][\/et_pb_column][et_pb_column type=&#8221;1_2&#8243; _builder_version=&#8221;4.27.4&#8243; _module_preset=&#8221;default&#8221; global_colors_info=&#8221;{}&#8221;][et_pb_toggle title=&#8221;Dein Profil&#8221; open_toggle_text_color=&#8221;#3C3C3B&#8221; open_toggle_background_color=&#8221;#F2F2F2&#8243; closed_toggle_background_color=&#8221;#F2F2F2&#8243; icon_color=&#8221;#3C3C3B&#8221; toggle_icon=&#8221;&#x4c;||divi||400&#8243; use_icon_font_size=&#8221;on&#8221; icon_font_size=&#8221;22px&#8221; open_icon_color=&#8221;#3C3C3B&#8221; open_toggle_icon=&#8221;&#x4b;||divi||400&#8243; open_use_icon_font_size=&#8221;on&#8221; open_icon_font_size=&#8221;22px&#8221; admin_label=&#8221;AUTO: Aufgaben&#8221; _builder_version=&#8221;4.27.4&#8243; _dynamic_attributes=&#8221;content&#8221; _module_preset=&#8221;default&#8221; title_text_color=&#8221;#3C3C3B&#8221; title_level=&#8221;h3&#8243; title_font_size=&#8221;20px&#8221; border_width_all=&#8221;0px&#8221; global_colors_info=&#8221;{}&#8221;]@ET-DC@eyJkeW5hbWljIjp0cnVlLCJjb250ZW50IjoiY3VzdG9tX21ldGFfYW5mb3JkZXJ1bmdlbiIsInNldHRpbmdzIjp7ImJlZm9yZSI6IiIsImFmdGVyIjoiIiwiZW5hYmxlX2h0bWwiOiJvbiJ9fQ==@[\/et_pb_toggle][\/et_pb_column][\/et_pb_row][et_pb_row admin_label=&#8221;Zeile&#8221; _builder_version=&#8221;4.27.4&#8243; _module_preset=&#8221;default&#8221; width=&#8221;100%&#8221; custom_margin=&#8221;50px||||false|false&#8221; custom_padding=&#8221;0px||0px||true|false&#8221; global_colors_info=&#8221;{}&#8221;][et_pb_column type=&#8221;4_4&#8243; _builder_version=&#8221;4.27.4&#8243; _module_preset=&#8221;default&#8221; global_colors_info=&#8221;{}&#8221;][et_pb_text admin_label=&#8221;\u00dcberschrift Vorteile&#8221; module_class=&#8221;text-balken f700&#8243; _builder_version=&#8221;4.27.4&#8243; _module_preset=&#8221;default&#8221; header_text_align=&#8221;left&#8221; header_2_font_size=&#8221;20px&#8221; header_3_line_height=&#8221;1.2em&#8221; text_orientation=&#8221;center&#8221; max_width=&#8221;235px&#8221; module_alignment=&#8221;center&#8221; custom_margin=&#8221;||10px||false|false&#8221; custom_padding=&#8221;5px||||false|false&#8221; global_colors_info=&#8221;{}&#8221;]<\/p>\n<h2>Deine Benefits bei DS:<\/h2>\n<p>[\/et_pb_text][dsm_card_carousel autoplay=&#8221;off&#8221; equal_height=&#8221;on&#8221; use_arrow_custom_position=&#8221;on&#8221; arrow_custom_position=&#8221;-20px&#8221; arrow_prev=&#8221;on&#8221; arrow_prev_font_icon=&#8221;&#x34;||divi||400&#8243; arrow_next=&#8221;on&#8221; arrow_next_font_icon=&#8221;&#x35;||divi||400&#8243; arrow_size=&#8221;30px&#8221; arrow_color=&#8221;#3C3C3B&#8221; arrow_background_color=&#8221;#FFE600&#8243; dots=&#8221;off&#8221; grab=&#8221;off&#8221; image_width=&#8221;90px&#8221; image_alignment=&#8221;center&#8221; admin_label=&#8221;Benefits Slider&#8221; _builder_version=&#8221;4.27.4&#8243; _module_preset=&#8221;default&#8221; body_text_align=&#8221;center&#8221; text_orientation=&#8221;center&#8221; custom_margin=&#8221;30px||0px||false|false&#8221; custom_padding=&#8221;|0px||0px|false|true&#8221; global_colors_info=&#8221;{}&#8221;][dsm_card_carousel_child admin_label=&#8221;Ausbildung&#8221; image=&#8221;https:\/\/ds-bremen.de\/wp-content\/uploads\/2025\/05\/icon-karriere-person.svg&#8221; image_as_background=&#8221;off&#8221; alt=&#8221;Firmen Laptop&#8221; content_padding=&#8221;30px|25px|20px|25px|false|true&#8221; button_url_new_window=&#8221;1&#8243; _builder_version=&#8221;4.27.4&#8243; _module_preset=&#8221;default&#8221; background_color=&#8221;#F2F2F2&#8243; background_enable_color=&#8221;on&#8221; global_colors_info=&#8221;{}&#8221;]Eine fundierte und interessante Ausbildung zur\/m Gro\u00df- und Au\u00dfenhandelskauffrau\/-mann (m\/w\/d).[\/dsm_card_carousel_child][dsm_card_carousel_child admin_label=&#8221;\u00dcbernahme&#8221; image=&#8221;https:\/\/ds-bremen.de\/wp-content\/uploads\/2025\/05\/icon-karriere-arbeit.svg&#8221; image_as_background=&#8221;off&#8221; alt=&#8221;Job Icon&#8221; content_padding=&#8221;30px|25px|20px|25px|false|true&#8221; button_url_new_window=&#8221;1&#8243; _builder_version=&#8221;4.27.4&#8243; _module_preset=&#8221;default&#8221; background_color=&#8221;#F2F2F2&#8243; background_enable_color=&#8221;on&#8221; global_colors_info=&#8221;{}&#8221;]Eine \u00dcbernahme in ein Besch\u00e4ftigungsverh\u00e4ltnis ist m\u00f6glich.[\/dsm_card_carousel_child][dsm_card_carousel_child admin_label=&#8221;Bezahlung&#8221; image=&#8221;https:\/\/ds-bremen.de\/wp-content\/uploads\/2025\/05\/IC40961.svg&#8221; image_as_background=&#8221;off&#8221; alt=&#8221;Icon Gehalt&#8221; content_padding=&#8221;30px|25px|20px|25px|false|true&#8221; button_url_new_window=&#8221;1&#8243; _builder_version=&#8221;4.27.4&#8243; _module_preset=&#8221;default&#8221; background_color=&#8221;#F2F2F2&#8243; background_enable_color=&#8221;on&#8221; global_colors_info=&#8221;{}&#8221;]Ein moderner Arbeitsplatz in einem wachsenden Unternehmen mit einer fairen Bezahlung.[\/dsm_card_carousel_child][dsm_card_carousel_child admin_label=&#8221;Einf\u00fchrungstage&#8221; image=&#8221;https:\/\/ds-bremen.de\/wp-content\/uploads\/2025\/05\/icon-karriere-herz-3.svg&#8221; image_as_background=&#8221;off&#8221; alt=&#8221;nettes Team&#8221; content_padding=&#8221;30px|25px|20px|25px|false|true&#8221; button_url_new_window=&#8221;1&#8243; _builder_version=&#8221;4.27.4&#8243; _module_preset=&#8221;default&#8221; background_color=&#8221;#F2F2F2&#8243; background_enable_color=&#8221;on&#8221; global_colors_info=&#8221;{}&#8221;]<\/p>\n<p>Einf\u00fchrungstage und gemeinsame Azubi-Projekte sorgen f\u00fcr einen engen Austausch und einen tollen Teamgeist unter den Auszubildenden.<\/p>\n<p>[\/dsm_card_carousel_child][\/dsm_card_carousel][\/et_pb_column][\/et_pb_row][et_pb_row _builder_version=&#8221;4.27.4&#8243; _module_preset=&#8221;default&#8221; width=&#8221;100%&#8221; custom_margin=&#8221;40px||||false|false&#8221; custom_padding=&#8221;0px||0px||true|false&#8221; global_colors_info=&#8221;{}&#8221;][et_pb_column type=&#8221;4_4&#8243; _builder_version=&#8221;4.27.4&#8243; _module_preset=&#8221;default&#8221; global_colors_info=&#8221;{}&#8221;][et_pb_de_mach_acf_item acf_name=&#8221;field_67d98c0180421&#8243; acf_tag=&#8221;div&#8221; show_label=&#8221;off&#8221; return_format=&#8221;url&#8221; link_button=&#8221;on&#8221; link_button_text=&#8221;Jetzt bei DS durchstarten&#8221; button_alignment=&#8221;center&#8221; admin_label=&#8221;AUTO: Bewerbungslink&#8221; module_class=&#8221;jobbuttonunten&#8221; _builder_version=&#8221;4.27.4&#8243; _module_preset=&#8221;default&#8221; custom_button=&#8221;on&#8221; button_text_color=&#8221;#3C3C3B&#8221; button_bg_color=&#8221;#FFE600&#8243; button_use_icon=&#8221;off&#8221; module_alignment=&#8221;center&#8221; global_colors_info=&#8221;{}&#8221; button_text_color__hover=&#8221;#FFFFFF&#8221; button_text_color__hover_enabled=&#8221;on|desktop&#8221; button_bg_color__hover=&#8221;#3C3C3B&#8221; button_bg_color__hover_enabled=&#8221;on|hover&#8221;][\/et_pb_de_mach_acf_item][\/et_pb_column][\/et_pb_row][et_pb_row _builder_version=&#8221;4.27.4&#8243; _module_preset=&#8221;default&#8221; width=&#8221;100%&#8221; custom_margin=&#8221;40px||||false|false&#8221; custom_padding=&#8221;0px||0px||true|false&#8221; global_colors_info=&#8221;{}&#8221;][et_pb_column type=&#8221;4_4&#8243; _builder_version=&#8221;4.27.4&#8243; _module_preset=&#8221;default&#8221; global_colors_info=&#8221;{}&#8221;][et_pb_divider color=&#8221;#FFE600&#8243; divider_weight=&#8221;2px&#8221; _builder_version=&#8221;4.27.4&#8243; _module_preset=&#8221;default&#8221; custom_margin=&#8221;||30px||false|false&#8221; global_colors_info=&#8221;{}&#8221;][\/et_pb_divider][et_pb_image src=&#8221;https:\/\/ds-bremen.de\/wp-content\/uploads\/2025\/03\/zitat.svg&#8221; title_text=&#8221;zitat&#8221; align=&#8221;center&#8221; admin_label=&#8221;Zitat Icon&#8221; _builder_version=&#8221;4.27.4&#8243; _module_preset=&#8221;default&#8221; max_width=&#8221;70px&#8221; module_alignment=&#8221;center&#8221; global_colors_info=&#8221;{}&#8221;][\/et_pb_image][et_pb_text admin_label=&#8221;Zitat&#8221; _builder_version=&#8221;4.27.4&#8243; _module_preset=&#8221;default&#8221; text_font_size=&#8221;30px&#8221; text_line_height=&#8221;1.2em&#8221; text_orientation=&#8221;center&#8221; global_colors_info=&#8221;{}&#8221;]<\/p>\n<p>Ich kann schon fr\u00fch <strong>eigenverantwortliche Aufgaben \u00fcbernehmen<\/strong> und bekomme das Vertrauen, auch selbstst\u00e4ndig Projekte zu bearbeiten. Dadurch erhalte ich nicht nur einen <strong>tieferen Einblick in die Arbeitswelt<\/strong>, sondern auch wichtige Kompetenzen wie Teamf\u00e4higkeit und Selbstst\u00e4ndigkeit.<\/p>\n<p>[\/et_pb_text][et_pb_text admin_label=&#8221;Name, Jobbezeichnung&#8221; _builder_version=&#8221;4.27.4&#8243; _module_preset=&#8221;default&#8221; text_orientation=&#8221;center&#8221; global_colors_info=&#8221;{}&#8221;]<\/p>\n<p>Konstantin Buller, Auszubildender<\/p>\n<p>[\/et_pb_text][et_pb_divider color=&#8221;#FFE600&#8243; divider_weight=&#8221;2px&#8221; _builder_version=&#8221;4.27.4&#8243; _module_preset=&#8221;default&#8221; custom_margin=&#8221;30px||||false|false&#8221; global_colors_info=&#8221;{}&#8221;][\/et_pb_divider][dsm_image_carousel gallery_ids=&#8221;3108,3109,3110,3111,4163,3575,3223,3217,3212&#8243; slide_to_show=&#8221;3&#8243; slide_to_scroll=&#8221;3&#8243; speed=&#8221;600&#8243; autoplay=&#8221;off&#8221; space_between=&#8221;2&#8243; use_arrow_custom_position=&#8221;on&#8221; arrow_custom_position=&#8221;-20px&#8221; arrow_prev=&#8221;on&#8221; arrow_prev_font_icon=&#8221;&#x34;||divi||400&#8243; arrow_next=&#8221;on&#8221; arrow_next_font_icon=&#8221;&#x35;||divi||400&#8243; arrow_size=&#8221;30px&#8221; dots=&#8221;off&#8221; grab=&#8221;off&#8221; arrow_color=&#8221;#3C3C3B&#8221; arrow_background_color=&#8221;#FFE600&#8243; disabled_on=&#8221;off|off|off&#8221; admin_label=&#8221;GALERIE&#8221; module_class=&#8221;bilder-slider&#8221; _builder_version=&#8221;4.27.4&#8243; _module_preset=&#8221;default&#8221; custom_margin=&#8221;20px||0px||false|false&#8221; custom_padding=&#8221;||0px||false|false&#8221; global_module=&#8221;4176&#8243; saved_tabs=&#8221;all&#8221; locked=&#8221;off&#8221; global_colors_info=&#8221;{}&#8221;][\/dsm_image_carousel][\/et_pb_column][\/et_pb_row][et_pb_row column_structure=&#8221;1_2,1_2&#8243; _builder_version=&#8221;4.27.4&#8243; _module_preset=&#8221;default&#8221; width=&#8221;100%&#8221; custom_margin=&#8221;50px||||false|false&#8221; custom_padding=&#8221;0px||0px||true|false&#8221; locked=&#8221;off&#8221; global_colors_info=&#8221;{}&#8221;][et_pb_column type=&#8221;1_2&#8243; _builder_version=&#8221;4.27.4&#8243; _module_preset=&#8221;default&#8221; global_colors_info=&#8221;{}&#8221;][et_pb_toggle title=&#8221;Ausbildungsbeginn und Dauer&#8221; open_toggle_text_color=&#8221;#3C3C3B&#8221; open_toggle_background_color=&#8221;#F2F2F2&#8243; closed_toggle_background_color=&#8221;#F2F2F2&#8243; icon_color=&#8221;#3C3C3B&#8221; toggle_icon=&#8221;&#x4c;||divi||400&#8243; use_icon_font_size=&#8221;on&#8221; icon_font_size=&#8221;22px&#8221; open_icon_color=&#8221;#3C3C3B&#8221; open_toggle_icon=&#8221;&#x4b;||divi||400&#8243; open_use_icon_font_size=&#8221;on&#8221; open_icon_font_size=&#8221;22px&#8221; admin_label=&#8221;Info Aufklapper&#8221; _builder_version=&#8221;4.27.4&#8243; _module_preset=&#8221;default&#8221; title_text_color=&#8221;#3C3C3B&#8221; title_level=&#8221;h3&#8243; title_font_size=&#8221;20px&#8221; border_width_all=&#8221;0px&#8221; global_colors_info=&#8221;{}&#8221;]<\/p>\n<p>Dein Ausbildungsbeginn ist der 1. August 2026. Die Ausbildungsdauer betr\u00e4gt 3 Jahre, wobei eine Verk\u00fcrzung m\u00f6glich ist. Bei guten Leistungen ist es unser Ziel, dich nach der Ausbildung zu \u00fcbernehmen. In den letzten 6 Jahren wurden 98% der Auszubildenden \u00fcbernommen.<\/p>\n<p>[\/et_pb_toggle][et_pb_toggle title=&#8221;Die DS-Gruppe&#8221; open_toggle_text_color=&#8221;#3C3C3B&#8221; open_toggle_background_color=&#8221;#F2F2F2&#8243; closed_toggle_background_color=&#8221;#F2F2F2&#8243; icon_color=&#8221;#3C3C3B&#8221; toggle_icon=&#8221;&#x4c;||divi||400&#8243; use_icon_font_size=&#8221;on&#8221; icon_font_size=&#8221;22px&#8221; open_icon_color=&#8221;#3C3C3B&#8221; open_toggle_icon=&#8221;&#x4b;||divi||400&#8243; open_use_icon_font_size=&#8221;on&#8221; open_icon_font_size=&#8221;22px&#8221; admin_label=&#8221;Info Aufklapper&#8221; _builder_version=&#8221;4.27.4&#8243; _module_preset=&#8221;default&#8221; title_text_color=&#8221;#3C3C3B&#8221; title_level=&#8221;h3&#8243; title_font_size=&#8221;20px&#8221; border_width_all=&#8221;0px&#8221; global_colors_info=&#8221;{}&#8221;]Die Diersch &#038; Schr\u00f6der GmbH &#038; Co. KG ist 1920 in Bremen gegr\u00fcndet worden und hat sich vom Schmierstoff- und Mineral\u00f6lh\u00e4ndler zu einem modernen Energie- und Chemieunternehmen entwickelt. Als mittelst\u00e4ndische Unternehmensgruppe bieten wir Stabilit\u00e4t, langfristige Perspektiven und ein besonderes Verh\u00e4ltnis zu unseren Mitarbeitenden.[\/et_pb_toggle][\/et_pb_column][et_pb_column type=&#8221;1_2&#8243; _builder_version=&#8221;4.27.4&#8243; _module_preset=&#8221;default&#8221; global_colors_info=&#8221;{}&#8221;][et_pb_toggle title=&#8221;Deine Kolleginnen und Kollegen&#8221; open_toggle_text_color=&#8221;#3C3C3B&#8221; open_toggle_background_color=&#8221;#F2F2F2&#8243; closed_toggle_background_color=&#8221;#F2F2F2&#8243; icon_color=&#8221;#3C3C3B&#8221; toggle_icon=&#8221;&#x4c;||divi||400&#8243; use_icon_font_size=&#8221;on&#8221; icon_font_size=&#8221;22px&#8221; open_icon_color=&#8221;#3C3C3B&#8221; open_toggle_icon=&#8221;&#x4b;||divi||400&#8243; open_use_icon_font_size=&#8221;on&#8221; open_icon_font_size=&#8221;22px&#8221; admin_label=&#8221;Info Aufklapper&#8221; _builder_version=&#8221;4.27.4&#8243; _module_preset=&#8221;default&#8221; title_text_color=&#8221;#3C3C3B&#8221; title_level=&#8221;h3&#8243; title_font_size=&#8221;20px&#8221; border_width_all=&#8221;0px&#8221; global_colors_info=&#8221;{}&#8221;]<\/p>\n<p>Jedes Jahr stellen wir mehrere Auszubildende ein.<\/p>\n<p>[\/et_pb_toggle][et_pb_toggle title=&#8221;Bewerbungsprozess&#8221; open_toggle_text_color=&#8221;#3C3C3B&#8221; open_toggle_background_color=&#8221;#F2F2F2&#8243; closed_toggle_background_color=&#8221;#F2F2F2&#8243; icon_color=&#8221;#3C3C3B&#8221; toggle_icon=&#8221;&#x4c;||divi||400&#8243; use_icon_font_size=&#8221;on&#8221; icon_font_size=&#8221;22px&#8221; open_icon_color=&#8221;#3C3C3B&#8221; open_toggle_icon=&#8221;&#x4b;||divi||400&#8243; open_use_icon_font_size=&#8221;on&#8221; open_icon_font_size=&#8221;22px&#8221; admin_label=&#8221;Info Aufklapper&#8221; _builder_version=&#8221;4.27.4&#8243; _module_preset=&#8221;default&#8221; title_text_color=&#8221;#3C3C3B&#8221; title_level=&#8221;h3&#8243; title_font_size=&#8221;20px&#8221; border_width_all=&#8221;0px&#8221; global_colors_info=&#8221;{}&#8221;]Nachdem du das Bewerbungsformular abgeschickt hast, erh\u00e4ltst du innerhalb von wenigen Tagen eine R\u00fcckmeldung von uns. Bei erfolgreicher Auswahl laden wir dich zu einem Gespr\u00e4ch ein, um mehr \u00fcber dich zu erfahren und dir die Gelegenheit zu geben, uns kennenzulernen. [\/et_pb_toggle][\/et_pb_column][\/et_pb_row][et_pb_row column_structure=&#8221;3_5,2_5&#8243; admin_label=&#8221;Zeile&#8221; _builder_version=&#8221;4.27.4&#8243; _module_preset=&#8221;default&#8221; width=&#8221;100%&#8221; custom_margin=&#8221;40px||||false|false&#8221; custom_padding=&#8221;0px||0px||true|false&#8221; locked=&#8221;off&#8221; global_colors_info=&#8221;{}&#8221;][et_pb_column type=&#8221;3_5&#8243; _builder_version=&#8221;4.27.4&#8243; _module_preset=&#8221;default&#8221; global_colors_info=&#8221;{}&#8221;][et_pb_text admin_label=&#8221;Interesse geweckt&#8221; module_class=&#8221;text-balken f700&#8243; _builder_version=&#8221;4.27.4&#8243; _module_preset=&#8221;default&#8221; header_3_line_height=&#8221;1.2em&#8221; custom_margin=&#8221;||10px||false|false&#8221; custom_padding=&#8221;5px||||false|false&#8221; global_colors_info=&#8221;{}&#8221;]<\/p>\n<h3>Interesse geweckt?<\/h3>\n<p>[\/et_pb_text][et_pb_text admin_label=&#8221;AUTO: Infos und Bewerbung&#8221; _builder_version=&#8221;4.27.4&#8243; _dynamic_attributes=&#8221;content&#8221; _module_preset=&#8221;default&#8221; custom_margin=&#8221;||30px||false|false&#8221; global_colors_info=&#8221;{}&#8221;]@ET-DC@eyJkeW5hbWljIjp0cnVlLCJjb250ZW50IjoiY3VzdG9tX21ldGFfaW50ZXJlc3NlLXVuZC1pbmZvIiwic2V0dGluZ3MiOnsiYmVmb3JlIjoiIiwiYWZ0ZXIiOiIiLCJlbmFibGVfaHRtbCI6Im9uIn19@[\/et_pb_text][dsm_button button_one_css=&#8221;jobbuttonunten&#8221; button_two_id=&#8221;azubi-flyer&#8221; button_two_css=&#8221;jobbuttonunten&#8221; button_one_text=&#8221;Zum Bewerbungs-Formular&#8221; button_one_url=&#8221;@ET-DC@eyJkeW5hbWljIjp0cnVlLCJjb250ZW50IjoiY3VzdG9tX21ldGFfYmV3ZXJidW5nc2xpbmsiLCJzZXR0aW5ncyI6eyJiZWZvcmUiOiIiLCJhZnRlciI6IiIsImVuYWJsZV9odG1sIjoib2ZmIn19@&#8221; button_one_url_new_window=&#8221;on&#8221; button_two_text=&#8221;Azubi-Flyer \u00f6ffnen&#8221; button_two_url=&#8221;@ET-DC@eyJkeW5hbWljIjp0cnVlLCJjb250ZW50IjoiY3VzdG9tX21ldGFfYXp1YmktZmx5ZXIiLCJzZXR0aW5ncyI6eyJiZWZvcmUiOiIiLCJhZnRlciI6IiIsImVuYWJsZV9odG1sIjoib2ZmIn19@&#8221; button_two_url_new_window=&#8221;on&#8221; admin_label=&#8221;AUTO: Bewerbungslink \/ Azubi-Flyer&#8221; _builder_version=&#8221;4.27.4&#8243; _dynamic_attributes=&#8221;button_one_url,button_two_url&#8221; _module_preset=&#8221;default&#8221; custom_button_one=&#8221;on&#8221; button_one_text_color=&#8221;#3C3C3B&#8221; button_one_bg_color=&#8221;#FFE600&#8243; button_one_use_icon=&#8221;off&#8221; button_one_custom_padding=&#8221;10px||10px||true|false&#8221; custom_button_two=&#8221;on&#8221; button_two_text_color=&#8221;#3C3C3B&#8221; button_two_bg_color=&#8221;#FFE600&#8243; button_two_use_icon=&#8221;off&#8221; global_colors_info=&#8221;{}&#8221; button_one_text_color__hover=&#8221;#FFFFFF&#8221; button_one_text_color__hover_enabled=&#8221;on|desktop&#8221; button_one_bg_color__hover=&#8221;#3C3C3B&#8221; button_one_bg_color__hover_enabled=&#8221;on|hover&#8221; button_two_text_color__hover=&#8221;#FFFFFF&#8221; button_two_text_color__hover_enabled=&#8221;on|desktop&#8221; button_two_bg_color__hover=&#8221;#3C3C3B&#8221; button_two_bg_color__hover_enabled=&#8221;on|hover&#8221;][\/dsm_button][\/et_pb_column][et_pb_column type=&#8221;2_5&#8243; _builder_version=&#8221;4.27.4&#8243; _module_preset=&#8221;default&#8221; background_color=&#8221;RGBA(255,255,255,0)&#8221; global_colors_info=&#8221;{}&#8221;][et_pb_text admin_label=&#8221;Kontakt&#8221; module_class=&#8221;text-balken f700&#8243; _builder_version=&#8221;4.27.4&#8243; _module_preset=&#8221;default&#8221; header_3_line_height=&#8221;1.2em&#8221; custom_margin=&#8221;||10px||false|false&#8221; custom_padding=&#8221;5px||||false|false&#8221; global_colors_info=&#8221;{}&#8221;]<\/p>\n<h3>Kontakt<\/h3>\n<p>[\/et_pb_text][et_pb_text admin_label=&#8221;Kontakt&#8221; _builder_version=&#8221;4.27.4&#8243; _module_preset=&#8221;default&#8221; background_color=&#8221;RGBA(255,255,255,0)&#8221; global_colors_info=&#8221;{}&#8221;]<\/p>\n<p>Noch Fragen? Melden Sie sich gerne per E-Mail an <a href=\"mailto:karriere@ds-bremen.de\">karriere@ds-bremen.de<\/a>. Wir freuen uns auf Ihre Nachricht!<\/p>\n<p>[\/et_pb_text][\/et_pb_column][\/et_pb_row][\/et_pb_section]<\/p>\n","protected":false},"excerpt":{"rendered":"<p>Deine Ausbildung mit Perspektivein der Diersch &amp; Schr\u00f6der UnternehmensgruppeIm Zuge unserer Wachstumsstrategie suchen wir dich alsab 01. August 2026in M\u00f6nchengladbach und Garching98 % \u00dcbernahmequoteDeine Benefits bei DS:<div class=\"et_pb_module dsm_card_carousel dsm_card_carousel_0 dsm_card_carousel_layout_stacked  dsm_card_carousel_equal_height\">\n\t\t\t\t\n\t\t\t\t\n\t\t\t\t\n\t\t\t\t\n\t\t\t\t\n\t\t\t\t\n\t\t\t\t<div class=\"et_pb_module_inner\">\n\t\t\t\t\t\n\t\t\t\n\t\t\t<div class=\"swiper-container dsm_card_carousel_wrapper\" dir=\"ltr\" data-params=\"[{&quot;direction&quot;:&quot;horizontal&quot;,&quot;effect&quot;:&quot;default&quot;,&quot;slider_effect_shadows&quot;:false,&quot;slider_effect_coverflow_rotate&quot;:&quot;30&quot;,&quot;slider_effect_coverflow_depth&quot;:&quot;0&quot;,&quot;loop&quot;:true,&quot;infinite_smooth_scrolling&quot;:false,&quot;slide_to_show&quot;:&quot;3&quot;,&quot;slide_to_show_tablet&quot;:&quot;1&quot;,&quot;slide_to_show_phone&quot;:&quot;1&quot;,&quot;slide_to_scroll&quot;:&quot;1&quot;,&quot;slide_to_scroll_tablet&quot;:&quot;1&quot;,&quot;slide_to_scroll_phone&quot;:&quot;1&quot;,&quot;space_between&quot;:&quot;15&quot;,&quot;space_between_tablet&quot;:&quot;15&quot;,&quot;space_between_phone&quot;:&quot;15&quot;,&quot;centered_slides&quot;:false,&quot;multiple_slide_row&quot;:&quot;off&quot;,&quot;slide_row&quot;:&quot;1&quot;,&quot;slide_row_tablet&quot;:&quot;1&quot;,&quot;slide_row_phone&quot;:&quot;1&quot;,&quot;speed&quot;:&quot;300&quot;,&quot;autoplay&quot;:false,&quot;autoplay_speed&quot;:&quot;3000&quot;,&quot;autoplay_viewport&quot;:&quot;&quot;,&quot;touch_move&quot;:true,&quot;grab&quot;:false,&quot;pause_on_hover&quot;:false,&quot;mousewheel&quot;:false,&quot;auto_height&quot;:false,&quot;equal_height&quot;:false,&quot;equal_height_tablet&quot;:true,&quot;equal_height_phone&quot;:true}]\">\n\t\t\t<div class=\"swiper-wrapper\"><div class=\"dsm_card_carousel_child dsm_card_carousel_child_0 swiper-slide\">\n\t\t\t\t\n\t\t\t\t\n\t\t\t\t\n\t\t\t\t\n\t\t\t\t\n\t\t\t\t\n\t\t\t\t<div class=\"et_pb_module_inner\">\n\t\t\t\t\t\n\t\t\t\n\t\t\t<figure class=\"dsm_card_carousel_child_image_wrapper dsm_card_carousel_child_badge_top_right\"><img decoding=\"async\" src=\"https:\/\/ds-bremen.de\/wp-content\/uploads\/2025\/05\/icon-karriere-person.svg\" alt=\"Firmen Laptop\" class=\"dsm_card_carousel_child_img  dsm_card_carousel_image_stretch skip-lazy\" \/><\/figure>\n\t\t\t<div class=\"dsm_card_wrapper et_pb_text_align_center et_pb_bg_layout_light\">\n\t\t\t\t\t\n\t\t\t\t\t\n\t\t\t\t\t<div class=\"dsm_card_carousel_child_description\">Eine fundierte und interessante Ausbildung zur\/m Gro\u00df- und Au\u00dfenhandelskauffrau\/-mann (m\/w\/d).<\/div>\n\t\t\t\t\t\n\t\t\t\t<\/div>\n\t\t\t\t<\/div>\n\t\t\t<\/div><div class=\"dsm_card_carousel_child dsm_card_carousel_child_1 swiper-slide\">\n\t\t\t\t\n\t\t\t\t\n\t\t\t\t\n\t\t\t\t\n\t\t\t\t\n\t\t\t\t\n\t\t\t\t<div class=\"et_pb_module_inner\">\n\t\t\t\t\t\n\t\t\t\n\t\t\t<figure class=\"dsm_card_carousel_child_image_wrapper dsm_card_carousel_child_badge_top_right\"><img decoding=\"async\" src=\"https:\/\/ds-bremen.de\/wp-content\/uploads\/2025\/05\/icon-karriere-arbeit.svg\" alt=\"Job Icon\" class=\"dsm_card_carousel_child_img  dsm_card_carousel_image_stretch skip-lazy\" \/><\/figure>\n\t\t\t<div class=\"dsm_card_wrapper et_pb_text_align_center et_pb_bg_layout_light\">\n\t\t\t\t\t\n\t\t\t\t\t\n\t\t\t\t\t<div class=\"dsm_card_carousel_child_description\">Eine \u00dcbernahme in ein Besch\u00e4ftigungsverh\u00e4ltnis ist m\u00f6glich.<\/div>\n\t\t\t\t\t\n\t\t\t\t<\/div>\n\t\t\t\t<\/div>\n\t\t\t<\/div><div class=\"dsm_card_carousel_child dsm_card_carousel_child_2 swiper-slide\">\n\t\t\t\t\n\t\t\t\t\n\t\t\t\t\n\t\t\t\t\n\t\t\t\t\n\t\t\t\t\n\t\t\t\t<div class=\"et_pb_module_inner\">\n\t\t\t\t\t\n\t\t\t\n\t\t\t<figure class=\"dsm_card_carousel_child_image_wrapper dsm_card_carousel_child_badge_top_right\"><img decoding=\"async\" src=\"https:\/\/ds-bremen.de\/wp-content\/uploads\/2025\/05\/IC40961.svg\" alt=\"Icon Gehalt\" class=\"dsm_card_carousel_child_img  dsm_card_carousel_image_stretch skip-lazy\" \/><\/figure>\n\t\t\t<div class=\"dsm_card_wrapper et_pb_text_align_center et_pb_bg_layout_light\">\n\t\t\t\t\t\n\t\t\t\t\t\n\t\t\t\t\t<div class=\"dsm_card_carousel_child_description\">Ein moderner Arbeitsplatz in einem wachsenden Unternehmen mit einer fairen Bezahlung.<\/div>\n\t\t\t\t\t\n\t\t\t\t<\/div>\n\t\t\t\t<\/div>\n\t\t\t<\/div><div class=\"dsm_card_carousel_child dsm_card_carousel_child_3 swiper-slide\">\n\t\t\t\t\n\t\t\t\t\n\t\t\t\t\n\t\t\t\t\n\t\t\t\t\n\t\t\t\t\n\t\t\t\t<div class=\"et_pb_module_inner\">\n\t\t\t\t\t\n\t\t\t\n\t\t\t<figure class=\"dsm_card_carousel_child_image_wrapper dsm_card_carousel_child_badge_top_right\"><img decoding=\"async\" src=\"https:\/\/ds-bremen.de\/wp-content\/uploads\/2025\/05\/icon-karriere-herz-3.svg\" alt=\"nettes Team\" class=\"dsm_card_carousel_child_img  dsm_card_carousel_image_stretch skip-lazy\" \/><\/figure>\n\t\t\t<div class=\"dsm_card_wrapper et_pb_text_align_center et_pb_bg_layout_light\">\n\t\t\t\t\t\n\t\t\t\t\t\n\t\t\t\t\t<div class=\"dsm_card_carousel_child_description\">Einf\u00fchrungstage und gemeinsame Azubi-Projekte sorgen f\u00fcr einen engen Austausch und einen tollen Teamgeist unter den Auszubildenden.<\/div>\n\t\t\t\t\t\n\t\t\t\t<\/div>\n\t\t\t\t<\/div>\n\t\t\t<\/div><\/div>\n\t\t\t<\/div><div class=\"swiper-button-prev dsm_card_carousel_arrow\" data-icon=\"&#x34;\"><\/div><div class=\"swiper-button-next dsm_card_carousel_arrow\" data-icon=\"&#x35;\"><\/div><div class=\"swiper-pagination dsm_card_carousel_pagination\"><\/div>\n\t\t\t\t<\/div>\n\t\t\t<\/div>Ich kann schon fr\u00fch eigenverantwortliche Aufgaben \u00fcbernehmen und bekomme das Vertrauen, auch selbstst\u00e4ndig Projekte zu bearbeiten. Dadurch erhalte ich nicht nur einen tieferen Einblick in die Arbeitswelt, sondern auch wichtige Kompetenzen wie Teamf\u00e4higkeit und Selbstst\u00e4ndigkeit.Konstantin Buller, Auszubildender<div id=\"nhnl\" class=\"et_pb_module dsm_image_carousel dsm_image_carousel_0 f700 et_pb_sticky_module dsm_image_carousel_arrow_outside dsm_image_carousel_arrow_mobile_inside \">\n\t\t\t\t\n\t\t\t\t\n\t\t\t\t\n\t\t\t\t\n\t\t\t\t\n\t\t\t\t\n\t\t\t\t<div class=\"et_pb_module_inner\">\n\t\t\t\t\t<div class=\"swiper-container dsm_image_carousel_container  dsm_image_carousel_carousel\" dir=\"ltr\"data-effect=\"default\"\n\t\t\tdata-slider-effect-shadows=\"false\"\n\t\t\tdata-slider-effect-coverflow-rotate=\"30\"\n\t\t\tdata-slider-effect-coverflow-depth=\"0\"\n\t\t\tdata-loop=\"true\"\n\t\t\tdata-slide-to-show=\"&#8221;3&#8243;\"\n\t\t\tdata-slide-to-show-tablet=\"1\"\n\t\t\tdata-slide-to-show-phone=\"1\"\n\t\t\tdata-slide-to-scroll=\"&#8221;3&#8243;\"\n\t\t\tdata-slide-to-scroll-tablet=\"1\"\n\t\t\tdata-slide-to-scroll-phone=\"1\"\n\t\t\tdata-space-between=\"&#8221;2&#8243;\"\n\t\t\tdata-space-between-tablet=\"&#8221;2&#8243;\"\n\t\t\tdata-space-between-phone=\"&#8221;2&#8243;\"\n\t\t\tdata-slide-row=\"1\"\n\t\t\tdata-centered-slides=\"false\"\n\t\t\tdata-speed=\"&#8221;600&#8243;\"\n\t\t\tdata-autoplay=\"true\"\n\t\t\tdata-autoplay-speed=\"3000\"\n\t\t\tdata-touch-move=\"true\"\n\t\t\tdata-grab=\"true\"\n\t\t\tdata-pause-on-hover=\"false\"\n\t\t\tdata-show-lightbox=\"false\"\n\t\t\tdata-lightbox-gallery=\"false\"\n\t\t\tdata-lightbox-caption=\"false\"\n\t\t\tdata-infinite-scrolling=\"false\"\n\t\t\tdata-slide-row-tablet=\"1\"\n\t\t\tdata-slide-row-phone=\"1\"\n\t\t\tdata-autoplay-viewport=80%\n\t\t\tdata-mousewheel=\"false\"\n\t\t\tdata-lazyload=\"false\"\n\t\t\tdata-type=\"carousel\"\n\t\t\tdata-slideshow-effect=\"default\"\n\t\t\tdata-slideshow-to-show=\"4\"\n\t\t\tdata-slideshow-to-show-tablet=\"4\"\n\t\t\tdata-slideshow-to-show-phone=\"\"\n\t\t\tdata-slider-orientation=\"horizontal\"\n\t\t\t\t\t\tdata-lightbox-title=\"false\"\n\n\t\t\t><div class=\"swiper-wrapper\"><div class=\"swiper-slide dsm_image_carousel_item\"><img decoding=\"async\" src=\"https:\/\/ds-bremen.de\/wp-content\/uploads\/2025\/05\/ds-karriere-slider-2.webp\" alt=\"\" title=\"ds-karriere-slider-2\" width=\"650\" height=\"366\" data-dsm-image-description=\"\" srcset=\"https:\/\/ds-bremen.de\/wp-content\/uploads\/2025\/05\/ds-karriere-slider-2.webp 650w, https:\/\/ds-bremen.de\/wp-content\/uploads\/2025\/05\/ds-karriere-slider-2-480x270.webp 480w\" sizes=\"(min-width: 0px) and (max-width: 480px) 480px, (min-width: 481px) 650px, 100vw\" class=\" skip-lazy\" \/><\/div><div class=\"swiper-slide dsm_image_carousel_item\"><img decoding=\"async\" src=\"https:\/\/ds-bremen.de\/wp-content\/uploads\/2025\/05\/ds-karriere-slider-4.webp\" alt=\"\" title=\"ds-karriere-slider-4\" width=\"650\" height=\"366\" data-dsm-image-description=\"\" srcset=\"https:\/\/ds-bremen.de\/wp-content\/uploads\/2025\/05\/ds-karriere-slider-4.webp 650w, https:\/\/ds-bremen.de\/wp-content\/uploads\/2025\/05\/ds-karriere-slider-4-480x270.webp 480w\" sizes=\"(min-width: 0px) and (max-width: 480px) 480px, (min-width: 481px) 650px, 100vw\" class=\" skip-lazy\" \/><\/div><div class=\"swiper-slide dsm_image_carousel_item\"><img decoding=\"async\" src=\"https:\/\/ds-bremen.de\/wp-content\/uploads\/2025\/05\/karriere-slider.webp\" alt=\"Mitarbeiterin von DS auf einer Karrieremesse\" title=\"karriere-slider\" width=\"950\" height=\"534\" data-dsm-image-description=\"\" srcset=\"https:\/\/ds-bremen.de\/wp-content\/uploads\/2025\/05\/karriere-slider.webp 950w, https:\/\/ds-bremen.de\/wp-content\/uploads\/2025\/05\/karriere-slider-480x270.webp 480w\" sizes=\"(min-width: 0px) and (max-width: 480px) 480px, (min-width: 481px) 950px, 100vw\" class=\" skip-lazy\" \/><\/div><div class=\"swiper-slide dsm_image_carousel_item\"><img decoding=\"async\" src=\"https:\/\/ds-bremen.de\/wp-content\/uploads\/2019\/08\/dsm-vertrieb.webp\" alt=\"\" title=\"dsm-vertrieb\" width=\"960\" height=\"540\" data-dsm-image-description=\"\" srcset=\"https:\/\/ds-bremen.de\/wp-content\/uploads\/2019\/08\/dsm-vertrieb.webp 960w, https:\/\/ds-bremen.de\/wp-content\/uploads\/2019\/08\/dsm-vertrieb-480x270.webp 480w\" sizes=\"(min-width: 0px) and (max-width: 480px) 480px, (min-width: 481px) 960px, 100vw\" class=\" skip-lazy\" \/><\/div><div class=\"swiper-slide dsm_image_carousel_item\"><img decoding=\"async\" src=\"https:\/\/ds-bremen.de\/wp-content\/uploads\/2025\/05\/azubis-besprechungsraum-ds.webp\" alt=\"\" title=\"azubis-besprechungsraum-ds\" width=\"950\" height=\"534\" data-dsm-image-description=\"\" srcset=\"https:\/\/ds-bremen.de\/wp-content\/uploads\/2025\/05\/azubis-besprechungsraum-ds.webp 950w, https:\/\/ds-bremen.de\/wp-content\/uploads\/2025\/05\/azubis-besprechungsraum-ds-480x270.webp 480w\" sizes=\"(min-width: 0px) and (max-width: 480px) 480px, (min-width: 481px) 950px, 100vw\" class=\" skip-lazy\" \/><\/div><div class=\"swiper-slide dsm_image_carousel_item\"><img decoding=\"async\" src=\"https:\/\/ds-bremen.de\/wp-content\/uploads\/2025\/05\/buero-azubis-ds.jpg\" alt=\"\" title=\"buero-azubis-ds\" width=\"950\" height=\"534\" data-dsm-image-description=\"\" srcset=\"https:\/\/ds-bremen.de\/wp-content\/uploads\/2025\/05\/buero-azubis-ds.jpg 950w, https:\/\/ds-bremen.de\/wp-content\/uploads\/2025\/05\/buero-azubis-ds-480x270.jpg 480w\" sizes=\"(min-width: 0px) and (max-width: 480px) 480px, (min-width: 481px) 950px, 100vw\" class=\" skip-lazy\" \/><\/div><div class=\"swiper-slide dsm_image_carousel_item\"><img decoding=\"async\" src=\"https:\/\/ds-bremen.de\/wp-content\/uploads\/2025\/05\/ausbildung-ds.webp\" alt=\"\" title=\"ausbildung-ds\" width=\"950\" height=\"534\" data-dsm-image-description=\"\" srcset=\"https:\/\/ds-bremen.de\/wp-content\/uploads\/2025\/05\/ausbildung-ds.webp 950w, https:\/\/ds-bremen.de\/wp-content\/uploads\/2025\/05\/ausbildung-ds-480x270.webp 480w\" sizes=\"(min-width: 0px) and (max-width: 480px) 480px, (min-width: 481px) 950px, 100vw\" class=\" skip-lazy\" \/><\/div><\/div><\/div><div class=\"swiper-button-prev swiper-arrow-button\" data-icon=\"\"><\/div><div class=\"swiper-button-next swiper-arrow-button\" data-icon=\"\"><\/div><div class=\"swiper-pagination\"><\/div>\n\t\t\t\t<\/div>\n\t\t\t<\/div><\/p>\n","protected":false},"featured_media":0,"menu_order":0,"template":"","meta":{"_acf_changed":false,"_et_pb_use_builder":"on","_et_pb_old_content":"","_et_gb_content_width":""},"job_category":[29,25,31,28],"job_tag":[37],"class_list":["post-4356","job","type-job","status-publish","hentry","job_category-ausbildung","job_category-bayern","job_category-nordrhein-westfahlen","job_category-vollzeit","job_tag-landingpage"],"acf":{"jobbezeichnung":"Ausbildung zur\/m Kauffrau\/-mann im Gro\u00df- und Au\u00dfenhandels\u00admanagement (m\/w\/d)","arbeitszeit":"Vollzeit","veroffentlichungsdatum":"20250305","bewerbungslink":{"title":"","url":"https:\/\/jobapplication.hrworks.de\/apply?companyId=xd2c3f5&id=5e090e","target":"_blank"},"allgemeine_beschreibung":"Willst du eine Ausbildung, die mehr ist als nur Theorie? Als angehende\/r Kauffrau\/-mann im Gro\u00df- und Au\u00dfenhandelsmanagement gestaltest du aktiv die Zukunft der DS-Gruppe mit. Wir bieten nicht nur ein abwechslungsreiches Ausbildungsprogramm und erfahrene Ausbilder, sondern integrieren dich von Anfang an ins echte Betriebsleben. Tauche ein in ein modernes Arbeitsumfeld und profitiere von zahlreichen Benefits.","arbeitgeber":"Diersch & Schr\u00f6der Gruppe","aufgaben":"<ul>\r\n \t<li>Durch Deinen praktischen Einsatz in den Abteilungen wie z. B. Logistik, Vertriebsinnendienst, Administration, Einkauf oder Buchhaltung lernst Du die gesamte Unternehmensorganisation und die Zusammenarbeit zwischen allen Bereichen kennen.<\/li>\r\n \t<li>Neben umfangreichem Fachwissen erwirbst Du im Team die F\u00e4higkeiten f\u00fcr l\u00f6sungsorientiertes, selbstst\u00e4ndiges Arbeiten.<\/li>\r\n \t<li>Wir binden Dich vom ersten Tag an in die Arbeitsprozesse ein und bringen dich mit unseren Kunden, Gesch\u00e4ftspartnern, Dienstleistern in Kontakt.<\/li>\r\n \t<li>Es erwartet Dich eine offene, freundliche Atmosph\u00e4re in einem netten Team sowie eine individuelle Betreuung w\u00e4hrend deiner Ausbildungszeit.<\/li>\r\n<\/ul>\r\n&nbsp;","anforderungen":"<ul>\r\n \t<li>Einen guten Schulabschluss (H\u00f6here Handelsschule\/ Fachabitur\/Abitur)<\/li>\r\n \t<li>Gute Auffassungsgabe<\/li>\r\n \t<li>Interesse an kaufm\u00e4nnischen Zusammenh\u00e4ngen<\/li>\r\n \t<li>Aufgeschlossenheit, Flexibilit\u00e4t, Teamf\u00e4higkeit<\/li>\r\n \t<li>Eine kommunikative, offene und begeisterungsf\u00e4hige Pers\u00f6nlichkeit<\/li>\r\n<\/ul>","benefits":"<ul>\r\n \t<li>Eine fundierte und interessante Ausbildung zur\/m Gro\u00df- und Au\u00dfenhandelskauffrau\/-mann (m\/w\/d)<\/li>\r\n \t<li>Eine \u00dcbernahme in ein Besch\u00e4ftigungsverh\u00e4ltnis ist m\u00f6glich<\/li>\r\n \t<li>Ein moderner Arbeitsplatz in einem wachsenden Unternehmen mit einer fairen Bezahlung<\/li>\r\n \t<li>Eine Einf\u00fchrungswoche zum Ausbildungsbeginn, Seminare und Unterst\u00fctzung bei der Pr\u00fcfungsvorbereitung<\/li>\r\n<\/ul>","interesse-und-info":"Dann sende uns bitte deine digitale Bewerbung \u00fcber den nachfolgenden Bewerbungslink zu. Weitergehende Informationen \u00fcber die Unternehmens\u00adgruppe Diersch &amp; Schr\u00f6der findest du hier auf unserer Webseite\u00a0und unseren\u00a0<a href=\"https:\/\/wonderl.ink\/@ds-gruppe\" target=\"_blank\" rel=\"noopener noreferrer\">Social-Media-Profilen<\/a>.","beginn":"ab 01. August 2026","logo_des_arbeitgebers":3646,"website_des_arbeitgebers":{"title":"","url":"https:\/\/www.ds-bremen.com\/karriere","target":"_blank"},"vorschautext":"Ab dem 01. August 2026","titelbild":4376,"azubi-flyer":{"title":"","url":"https:\/\/ds-bremen.de\/wp-content\/uploads\/2025\/06\/DS-Azubi-Kaufmann.pdf","target":"_blank"},"adresse":"Nordrhein-Westfalen, Bayern","arbeitsort":"M\u00f6nchengladbach, Garching","plz":"41199, 85748 ","arbeitsstrasse":"","bundesland":"Nordrhein-Westfalen, Bayern","land":"DE"},"_links":{"self":[{"href":"https:\/\/ds-bremen.de\/en\/wp-json\/wp\/v2\/job\/4356","targetHints":{"allow":["GET"]}}],"collection":[{"href":"https:\/\/ds-bremen.de\/en\/wp-json\/wp\/v2\/job"}],"about":[{"href":"https:\/\/ds-bremen.de\/en\/wp-json\/wp\/v2\/types\/job"}],"version-history":[{"count":35,"href":"https:\/\/ds-bremen.de\/en\/wp-json\/wp\/v2\/job\/4356\/revisions"}],"predecessor-version":[{"id":6196,"href":"https:\/\/ds-bremen.de\/en\/wp-json\/wp\/v2\/job\/4356\/revisions\/6196"}],"wp:attachment":[{"href":"https:\/\/ds-bremen.de\/en\/wp-json\/wp\/v2\/media?parent=4356"}],"wp:term":[{"taxonomy":"job_category","embeddable":true,"href":"https:\/\/ds-bremen.de\/en\/wp-json\/wp\/v2\/job_category?post=4356"},{"taxonomy":"job_tag","embeddable":true,"href":"https:\/\/ds-bremen.de\/en\/wp-json\/wp\/v2\/job_tag?post=4356"}],"curies":[{"name":"wp","href":"https:\/\/api.w.org\/{rel}","templated":true}]}}