{"id":5895,"date":"2026-01-13T14:18:19","date_gmt":"2026-01-13T13:18:19","guid":{"rendered":"https:\/\/ds-bremen.de\/?post_type=job&#038;p=5895"},"modified":"2026-01-22T14:05:45","modified_gmt":"2026-01-22T13:05:45","slug":"sales-manager-standortakquise","status":"publish","type":"job","link":"https:\/\/ds-bremen.de\/en\/job\/sales-manager-standortakquise\/","title":{"rendered":"Sales Manager Standortakquise (m\/w\/d)"},"content":{"rendered":"<p>[et_pb_section fb_built=&#8221;1&#8243; _builder_version=&#8221;4.27.4&#8243; _module_preset=&#8221;default&#8221; custom_padding=&#8221;5%||5%||true|false&#8221; global_colors_info=&#8221;{}&#8221;][et_pb_row _builder_version=&#8221;4.27.4&#8243; _module_preset=&#8221;default&#8221; width=&#8221;100%&#8221; custom_margin=&#8221;||||false&#8221; custom_padding=&#8221;0px||0px||true|false&#8221; global_colors_info=&#8221;{}&#8221;][et_pb_column type=&#8221;4_4&#8243; _builder_version=&#8221;4.27.4&#8243; _module_preset=&#8221;default&#8221; global_colors_info=&#8221;{}&#8221;][et_pb_image src=&#8221;@ET-DC@eyJkeW5hbWljIjp0cnVlLCJjb250ZW50IjoiY3VzdG9tX21ldGFfdGl0ZWxiaWxkIiwic2V0dGluZ3MiOnsiYmVmb3JlIjoiIiwiYWZ0ZXIiOiIiLCJlbmFibGVfaHRtbCI6Im9mZiJ9fQ==@&#8221; admin_label=&#8221;AUTO: Titelbild&#8221; _builder_version=&#8221;4.27.4&#8243; _dynamic_attributes=&#8221;src&#8221; _module_preset=&#8221;default&#8221; global_colors_info=&#8221;{}&#8221;][\/et_pb_image][\/et_pb_column][\/et_pb_row][et_pb_row column_structure=&#8221;2_3,1_3&#8243; _builder_version=&#8221;4.27.4&#8243; _module_preset=&#8221;default&#8221; width=&#8221;100%&#8221; custom_margin=&#8221;40px||||false|false&#8221; custom_padding=&#8221;0px||0px||true|false&#8221; global_colors_info=&#8221;{}&#8221;][et_pb_column type=&#8221;2_3&#8243; _builder_version=&#8221;4.27.4&#8243; _module_preset=&#8221;default&#8221; global_colors_info=&#8221;{}&#8221;][et_pb_text admin_label=&#8221;Text \u00fcber Headline&#8221; _builder_version=&#8221;4.27.4&#8243; _module_preset=&#8221;default&#8221; custom_margin=&#8221;||10px||false|false&#8221; global_colors_info=&#8221;{}&#8221;]<\/p>\n<p>Lust auf erneuerbare Energie?<\/p>\n<p>[\/et_pb_text][et_pb_text admin_label=&#8221;AUTO: Jobtitel&#8221; module_class=&#8221;f900&#8243; _builder_version=&#8221;4.27.4&#8243; _dynamic_attributes=&#8221;content&#8221; _module_preset=&#8221;default&#8221; header_line_height=&#8221;1.1em&#8221; custom_margin=&#8221;||10px||false|false&#8221; global_colors_info=&#8221;{}&#8221;]@ET-DC@eyJkeW5hbWljIjp0cnVlLCJjb250ZW50IjoiY3VzdG9tX21ldGFfam9iYmV6ZWljaG51bmciLCJzZXR0aW5ncyI6eyJiZWZvcmUiOiI8aDE+IiwiYWZ0ZXIiOiI8L2gxPiIsImVuYWJsZV9odG1sIjoib2ZmIn19@[\/et_pb_text][et_pb_text admin_label=&#8221;AUTO: Beschreibungtext&#8221; _builder_version=&#8221;4.27.4&#8243; _dynamic_attributes=&#8221;content&#8221; _module_preset=&#8221;default&#8221; custom_margin=&#8221;||5px||false|false&#8221; global_colors_info=&#8221;{}&#8221;]@ET-DC@eyJkeW5hbWljIjp0cnVlLCJjb250ZW50IjoiY3VzdG9tX21ldGFfYWxsZ2VtZWluZV9iZXNjaHJlaWJ1bmciLCJzZXR0aW5ncyI6eyJiZWZvcmUiOiI8cD4iLCJhZnRlciI6IjwvcD4iLCJlbmFibGVfaHRtbCI6Im9uIn19@[\/et_pb_text][et_pb_de_mach_acf_item acf_name=&#8221;field_67d98c0180421&#8243; acf_tag=&#8221;div&#8221; show_label=&#8221;off&#8221; return_format=&#8221;url&#8221; link_button=&#8221;on&#8221; link_button_text=&#8221;Jetzt bewerben&#8221; admin_label=&#8221;AUTO: Bewerbungslink&#8221; module_class=&#8221;jobbuttonunten&#8221; _builder_version=&#8221;4.27.4&#8243; _module_preset=&#8221;default&#8221; custom_button=&#8221;on&#8221; button_text_color=&#8221;#3C3C3B&#8221; button_bg_color=&#8221;#FFE600&#8243; button_use_icon=&#8221;off&#8221; global_colors_info=&#8221;{}&#8221; button_bg_color__hover_enabled=&#8221;on|hover&#8221; button_bg_color__hover=&#8221;#3C3C3B&#8221; button_bg_enable_color__hover=&#8221;on&#8221; button_text_color__hover_enabled=&#8221;on|desktop&#8221; button_text_color__hover=&#8221;#FFFFFF&#8221;][\/et_pb_de_mach_acf_item][\/et_pb_column][et_pb_column type=&#8221;1_3&#8243; _builder_version=&#8221;4.27.4&#8243; _module_preset=&#8221;default&#8221; background_color=&#8221;#F2F2F2&#8243; custom_padding=&#8221;30px|20px|30px|20px|true|true&#8221; global_colors_info=&#8221;{}&#8221;][et_pb_image src=&#8221;https:\/\/ds-bremen.de\/wp-content\/uploads\/2025\/05\/icon-karriere-arbeit.svg&#8221; alt=&#8221;Job Icon&#8221; title_text=&#8221;icon-karriere-arbeit&#8221; align=&#8221;center&#8221; admin_label=&#8221;Icon&#8221; _builder_version=&#8221;4.27.4&#8243; _module_preset=&#8221;default&#8221; max_width=&#8221;90px&#8221; module_alignment=&#8221;center&#8221; global_colors_info=&#8221;{}&#8221;][\/et_pb_image][et_pb_text admin_label=&#8221;Text f\u00fcr Kasten&#8221; _builder_version=&#8221;4.27.4&#8243; _module_preset=&#8221;default&#8221; text_orientation=&#8221;center&#8221; global_colors_info=&#8221;{}&#8221;]<\/p>\n<p>Vollzeit<br \/>ab sofort \/ unbefristet<br \/>remote<\/p>\n<p>[\/et_pb_text][\/et_pb_column][\/et_pb_row][et_pb_row column_structure=&#8221;1_2,1_2&#8243; _builder_version=&#8221;4.27.4&#8243; _module_preset=&#8221;default&#8221; width=&#8221;100%&#8221; custom_margin=&#8221;50px||||false|false&#8221; custom_padding=&#8221;0px||0px||true|false&#8221; global_colors_info=&#8221;{}&#8221;][et_pb_column type=&#8221;1_2&#8243; _builder_version=&#8221;4.27.4&#8243; _module_preset=&#8221;default&#8221; global_colors_info=&#8221;{}&#8221;][et_pb_toggle title=&#8221;Deine Aufgaben&#8221; open_toggle_text_color=&#8221;#3C3C3B&#8221; open_toggle_background_color=&#8221;#F2F2F2&#8243; closed_toggle_background_color=&#8221;#F2F2F2&#8243; icon_color=&#8221;#3C3C3B&#8221; toggle_icon=&#8221;&#x4c;||divi||400&#8243; use_icon_font_size=&#8221;on&#8221; icon_font_size=&#8221;22px&#8221; open_icon_color=&#8221;#3C3C3B&#8221; open_toggle_icon=&#8221;&#x4b;||divi||400&#8243; open_use_icon_font_size=&#8221;on&#8221; open_icon_font_size=&#8221;22px&#8221; admin_label=&#8221;AUTO: Aufgaben&#8221; _builder_version=&#8221;4.27.4&#8243; _dynamic_attributes=&#8221;content&#8221; _module_preset=&#8221;default&#8221; title_text_color=&#8221;#3C3C3B&#8221; title_level=&#8221;h3&#8243; title_font_size=&#8221;20px&#8221; border_width_all=&#8221;0px&#8221; global_colors_info=&#8221;{}&#8221;]@ET-DC@eyJkeW5hbWljIjp0cnVlLCJjb250ZW50IjoiY3VzdG9tX21ldGFfYXVmZ2FiZW4iLCJzZXR0aW5ncyI6eyJiZWZvcmUiOiIiLCJhZnRlciI6IiIsImVuYWJsZV9odG1sIjoib24ifX0=@[\/et_pb_toggle][\/et_pb_column][et_pb_column type=&#8221;1_2&#8243; _builder_version=&#8221;4.27.4&#8243; _module_preset=&#8221;default&#8221; global_colors_info=&#8221;{}&#8221;][et_pb_toggle title=&#8221;Dein Profil&#8221; open_toggle_text_color=&#8221;#3C3C3B&#8221; open_toggle_background_color=&#8221;#F2F2F2&#8243; closed_toggle_background_color=&#8221;#F2F2F2&#8243; icon_color=&#8221;#3C3C3B&#8221; toggle_icon=&#8221;&#x4c;||divi||400&#8243; use_icon_font_size=&#8221;on&#8221; icon_font_size=&#8221;22px&#8221; open_icon_color=&#8221;#3C3C3B&#8221; open_toggle_icon=&#8221;&#x4b;||divi||400&#8243; open_use_icon_font_size=&#8221;on&#8221; open_icon_font_size=&#8221;22px&#8221; admin_label=&#8221;AUTO: Anforderungen&#8221; _builder_version=&#8221;4.27.4&#8243; _dynamic_attributes=&#8221;content&#8221; _module_preset=&#8221;default&#8221; title_text_color=&#8221;#3C3C3B&#8221; title_level=&#8221;h3&#8243; title_font_size=&#8221;20px&#8221; border_width_all=&#8221;0px&#8221; global_colors_info=&#8221;{}&#8221;]@ET-DC@eyJkeW5hbWljIjp0cnVlLCJjb250ZW50IjoiY3VzdG9tX21ldGFfYW5mb3JkZXJ1bmdlbiIsInNldHRpbmdzIjp7ImJlZm9yZSI6IiIsImFmdGVyIjoiIiwiZW5hYmxlX2h0bWwiOiJvbiJ9fQ==@[\/et_pb_toggle][\/et_pb_column][\/et_pb_row][et_pb_row admin_label=&#8221;Zeile&#8221; _builder_version=&#8221;4.27.4&#8243; _module_preset=&#8221;default&#8221; width=&#8221;100%&#8221; custom_margin=&#8221;50px||||false|false&#8221; custom_padding=&#8221;0px||0px||true|false&#8221; global_colors_info=&#8221;{}&#8221;][et_pb_column type=&#8221;4_4&#8243; _builder_version=&#8221;4.27.4&#8243; _module_preset=&#8221;default&#8221; global_colors_info=&#8221;{}&#8221;][et_pb_text admin_label=&#8221;\u00dcberschrift Vorteile&#8221; module_class=&#8221;text-balken f700&#8243; _builder_version=&#8221;4.27.4&#8243; _module_preset=&#8221;default&#8221; header_text_align=&#8221;left&#8221; header_2_font_size=&#8221;20px&#8221; header_3_line_height=&#8221;1.2em&#8221; text_orientation=&#8221;center&#8221; max_width=&#8221;289px&#8221; module_alignment=&#8221;center&#8221; custom_margin=&#8221;||10px||false|false&#8221; custom_padding=&#8221;5px||||false|false&#8221; global_colors_info=&#8221;{}&#8221;]<\/p>\n<h2>Deine Vorteile bei ENERGU:<\/h2>\n<p>[\/et_pb_text][dsm_card_carousel autoplay=&#8221;off&#8221; equal_height=&#8221;on&#8221; use_arrow_custom_position=&#8221;on&#8221; arrow_custom_position=&#8221;-20px&#8221; arrow_prev=&#8221;on&#8221; arrow_prev_font_icon=&#8221;&#x34;||divi||400&#8243; arrow_next=&#8221;on&#8221; arrow_next_font_icon=&#8221;&#x35;||divi||400&#8243; arrow_size=&#8221;30px&#8221; arrow_color=&#8221;#3C3C3B&#8221; arrow_background_color=&#8221;#FFE600&#8243; dots=&#8221;off&#8221; grab=&#8221;off&#8221; image_width=&#8221;90px&#8221; image_alignment=&#8221;center&#8221; admin_label=&#8221;Benefits Slider&#8221; _builder_version=&#8221;4.27.4&#8243; _module_preset=&#8221;default&#8221; body_text_align=&#8221;center&#8221; text_orientation=&#8221;center&#8221; custom_margin=&#8221;30px||0px||false|false&#8221; custom_padding=&#8221;|0px||0px|false|true&#8221; saved_tabs=&#8221;all&#8221; locked=&#8221;off&#8221; global_colors_info=&#8221;{}&#8221;][dsm_card_carousel_child admin_label=&#8221;spannende Aufgabe&#8221; image=&#8221;https:\/\/ds-bremen.de\/wp-content\/uploads\/2025\/05\/icon-karriere-arbeit.svg&#8221; image_as_background=&#8221;off&#8221; alt=&#8221;Job Icon&#8221; content_padding=&#8221;30px|25px|20px|25px|false|true&#8221; button_url_new_window=&#8221;1&#8243; _builder_version=&#8221;4.27.4&#8243; _module_preset=&#8221;default&#8221; background_color=&#8221;#F2F2F2&#8243; background_enable_color=&#8221;on&#8221; global_colors_info=&#8221;{}&#8221;]<\/p>\n<p>Eine spannende und eigenverantwortliche Aufgabe in einem jungen und dynamischen Umfeld<\/p>\n<p>[\/dsm_card_carousel_child][dsm_card_carousel_child admin_label=&#8221;sicherer Arbeitsplatz&#8221; image=&#8221;https:\/\/ds-bremen.de\/wp-content\/uploads\/2025\/05\/IC77D21.svg&#8221; image_as_background=&#8221;off&#8221; alt=&#8221;Icon sicherer Arbeitsplatz&#8221; content_padding=&#8221;30px|25px|20px|25px|false|true&#8221; button_url_new_window=&#8221;1&#8243; _builder_version=&#8221;4.27.4&#8243; _module_preset=&#8221;default&#8221; background_color=&#8221;#F2F2F2&#8243; background_enable_color=&#8221;on&#8221; global_colors_info=&#8221;{}&#8221;]<\/p>\n<p>Einen unbefristeten <br \/>Arbeitsvertrag<\/p>\n<p>[\/dsm_card_carousel_child][dsm_card_carousel_child admin_label=&#8221;Einarbeitung&#8221; image=&#8221;https:\/\/ds-bremen.de\/wp-content\/uploads\/2025\/05\/ICF3991.svg&#8221; image_as_background=&#8221;off&#8221; alt=&#8221;Icon Kartellrecht&#8221; content_padding=&#8221;30px|25px|20px|25px|false|true&#8221; button_url_new_window=&#8221;1&#8243; _builder_version=&#8221;4.27.4&#8243; _module_preset=&#8221;default&#8221; background_color=&#8221;#F2F2F2&#8243; background_enable_color=&#8221;on&#8221; global_colors_info=&#8221;{}&#8221;]<\/p>\n<p>Eine professionelle und gut strukturierte Einarbeitungsphase in unserem Team<\/p>\n<p>[\/dsm_card_carousel_child][dsm_card_carousel_child admin_label=&#8221;flache Hierarchie&#8221; image=&#8221;https:\/\/ds-bremen.de\/wp-content\/uploads\/2025\/05\/icon-karriere-team.svg&#8221; image_as_background=&#8221;off&#8221; alt=&#8221;nettes Team&#8221; content_padding=&#8221;30px|25px|20px|25px|false|true&#8221; button_url_new_window=&#8221;1&#8243; _builder_version=&#8221;4.27.4&#8243; _module_preset=&#8221;default&#8221; background_color=&#8221;#F2F2F2&#8243; background_enable_color=&#8221;on&#8221; global_colors_info=&#8221;{}&#8221;]Die Arbeit in einem Team mit starkem Teamspirit und gegenseitiger Unterst\u00fctzung[\/dsm_card_carousel_child][dsm_card_carousel_child admin_label=&#8221;flache Hierarchie&#8221; image=&#8221;https:\/\/ds-bremen.de\/wp-content\/uploads\/2025\/05\/icon-karriere-herz-3.svg&#8221; image_as_background=&#8221;off&#8221; alt=&#8221;nettes Team&#8221; content_padding=&#8221;30px|25px|20px|25px|false|true&#8221; button_url_new_window=&#8221;1&#8243; _builder_version=&#8221;4.27.4&#8243; _module_preset=&#8221;default&#8221; background_color=&#8221;#F2F2F2&#8243; background_enable_color=&#8221;on&#8221; global_colors_info=&#8221;{}&#8221;]<\/p>\n<p>Eine offene kreative Unternehmenskultur mit flachen Hierarchien<\/p>\n<p>[\/dsm_card_carousel_child][dsm_card_carousel_child admin_label=&#8221;Entwicklungspotenzial&#8221; image=&#8221;https:\/\/ds-bremen.de\/wp-content\/uploads\/2025\/05\/icon-karriere-aufstieg.svg&#8221; image_as_background=&#8221;off&#8221; alt=&#8221;nettes Team&#8221; content_padding=&#8221;30px|25px|20px|25px|false|true&#8221; button_url_new_window=&#8221;1&#8243; _builder_version=&#8221;4.27.4&#8243; _module_preset=&#8221;default&#8221; background_color=&#8221;#F2F2F2&#8243; background_enable_color=&#8221;on&#8221; global_colors_info=&#8221;{}&#8221;]<\/p>\n<p>Einen hohen Grad an <br \/>Entwicklungspotential<\/p>\n<p>[\/dsm_card_carousel_child][dsm_card_carousel_child admin_label=&#8221;Weiterentwicklung&#8221; image=&#8221;https:\/\/ds-bremen.de\/wp-content\/uploads\/2025\/11\/icon-studium.svg&#8221; image_as_background=&#8221;off&#8221; alt=&#8221;Icon Kartellrecht&#8221; content_padding=&#8221;30px|25px|20px|25px|false|true&#8221; button_url_new_window=&#8221;1&#8243; _builder_version=&#8221;4.27.4&#8243; _module_preset=&#8221;default&#8221; background_color=&#8221;#F2F2F2&#8243; background_enable_color=&#8221;on&#8221; global_colors_info=&#8221;{}&#8221;]<\/p>\n<p>F\u00f6rderung der eigenen fachlichen sowie pers\u00f6nlichen Weiterentwicklung<\/p>\n<p>[\/dsm_card_carousel_child][dsm_card_carousel_child admin_label=&#8221;Pr\u00e4mienprogramm&#8221; image=&#8221;https:\/\/ds-bremen.de\/wp-content\/uploads\/2025\/04\/icon-korruption.svg&#8221; image_as_background=&#8221;off&#8221; alt=&#8221;Icon Kartellrecht&#8221; content_padding=&#8221;30px|25px|20px|25px|false|true&#8221; button_url_new_window=&#8221;1&#8243; _builder_version=&#8221;4.27.4&#8243; _module_preset=&#8221;default&#8221; background_color=&#8221;#F2F2F2&#8243; background_enable_color=&#8221;on&#8221; global_colors_info=&#8221;{}&#8221;]<\/p>\n<p>Pr\u00e4mienprogramm f\u00fcr Empfehlungen von neuen Mitarbeitenden<\/p>\n<p>[\/dsm_card_carousel_child][dsm_card_carousel_child admin_label=&#8221;Altersvorsorge&#8221; image=&#8221;https:\/\/ds-bremen.de\/wp-content\/uploads\/2025\/05\/icon-karriere-rente.svg&#8221; image_as_background=&#8221;off&#8221; alt=&#8221;Icon Kartellrecht&#8221; content_padding=&#8221;30px|25px|20px|25px|false|true&#8221; button_url_new_window=&#8221;1&#8243; _builder_version=&#8221;4.27.4&#8243; _module_preset=&#8221;default&#8221; background_color=&#8221;#F2F2F2&#8243; background_enable_color=&#8221;on&#8221; global_colors_info=&#8221;{}&#8221;]<\/p>\n<p>Betriebliche Altersvorsorge<\/p>\n<p>[\/dsm_card_carousel_child][dsm_card_carousel_child admin_label=&#8221;Remote&#8221; image=&#8221;https:\/\/ds-bremen.de\/wp-content\/uploads\/2025\/05\/icon-karriere-laptop.svg&#8221; image_as_background=&#8221;off&#8221; alt=&#8221;Firmen Laptop&#8221; content_padding=&#8221;30px|25px|20px|25px|false|true&#8221; button_url_new_window=&#8221;1&#8243; _builder_version=&#8221;4.27.4&#8243; _module_preset=&#8221;default&#8221; background_color=&#8221;#F2F2F2&#8243; background_enable_color=&#8221;on&#8221; global_colors_info=&#8221;{}&#8221;]<\/p>\n<p>M\u00f6glichkeit eines <br \/>Remote-Arbeitsplatzes<\/p>\n<p>[\/dsm_card_carousel_child][dsm_card_carousel_child admin_label=&#8221;Egym&#8221; image=&#8221;https:\/\/ds-bremen.de\/wp-content\/uploads\/2025\/05\/icon-karriere-fitness.svg&#8221; image_as_background=&#8221;off&#8221; alt=&#8221;Icon Firmenfitness&#8221; content_padding=&#8221;30px|25px|20px|25px|false|true&#8221; button_url_new_window=&#8221;1&#8243; _builder_version=&#8221;4.27.4&#8243; _module_preset=&#8221;default&#8221; background_color=&#8221;#F2F2F2&#8243; background_enable_color=&#8221;on&#8221; global_colors_info=&#8221;{}&#8221;]<\/p>\n<p>Verg\u00fcnstigte Teilnahme<br \/>am EGYM Wellpass<\/p>\n<p>[\/dsm_card_carousel_child][\/dsm_card_carousel][\/et_pb_column][\/et_pb_row][et_pb_row _builder_version=&#8221;4.27.4&#8243; _module_preset=&#8221;default&#8221; width=&#8221;100%&#8221; custom_margin=&#8221;40px||||false|false&#8221; custom_padding=&#8221;0px||0px||true|false&#8221; global_colors_info=&#8221;{}&#8221;][et_pb_column type=&#8221;4_4&#8243; _builder_version=&#8221;4.27.4&#8243; _module_preset=&#8221;default&#8221; global_colors_info=&#8221;{}&#8221;][et_pb_de_mach_acf_item acf_name=&#8221;field_67d98c0180421&#8243; acf_tag=&#8221;div&#8221; show_label=&#8221;off&#8221; return_format=&#8221;url&#8221; link_button=&#8221;on&#8221; link_button_text=&#8221;Jetzt bei ENERGU durchstarten&#8221; button_alignment=&#8221;center&#8221; admin_label=&#8221;AUTO: Bewerbungslink&#8221; module_class=&#8221;jobbuttonunten&#8221; _builder_version=&#8221;4.27.4&#8243; _module_preset=&#8221;default&#8221; custom_button=&#8221;on&#8221; button_text_color=&#8221;#3C3C3B&#8221; button_bg_color=&#8221;#FFE600&#8243; button_use_icon=&#8221;off&#8221; module_alignment=&#8221;center&#8221; global_colors_info=&#8221;{}&#8221; button_text_color__hover=&#8221;#FFFFFF&#8221; button_text_color__hover_enabled=&#8221;on|desktop&#8221; button_bg_color__hover=&#8221;#3C3C3B&#8221; button_bg_color__hover_enabled=&#8221;on|hover&#8221;][\/et_pb_de_mach_acf_item][\/et_pb_column][\/et_pb_row][et_pb_row _builder_version=&#8221;4.27.4&#8243; _module_preset=&#8221;default&#8221; width=&#8221;100%&#8221; custom_margin=&#8221;40px||||false|false&#8221; custom_padding=&#8221;0px||0px||true|false&#8221; global_colors_info=&#8221;{}&#8221;][et_pb_column type=&#8221;4_4&#8243; _builder_version=&#8221;4.27.4&#8243; _module_preset=&#8221;default&#8221; global_colors_info=&#8221;{}&#8221;][et_pb_divider color=&#8221;#FFE600&#8243; divider_weight=&#8221;2px&#8221; _builder_version=&#8221;4.27.4&#8243; _module_preset=&#8221;default&#8221; custom_margin=&#8221;||30px||false|false&#8221; global_colors_info=&#8221;{}&#8221;][\/et_pb_divider][et_pb_image src=&#8221;https:\/\/ds-bremen.de\/wp-content\/uploads\/2025\/03\/zitat.svg&#8221; title_text=&#8221;zitat&#8221; align=&#8221;center&#8221; admin_label=&#8221;Zitat Icon&#8221; _builder_version=&#8221;4.27.4&#8243; _module_preset=&#8221;default&#8221; max_width=&#8221;70px&#8221; module_alignment=&#8221;center&#8221; global_colors_info=&#8221;{}&#8221;][\/et_pb_image][et_pb_text admin_label=&#8221;Zitat&#8221; _builder_version=&#8221;4.27.4&#8243; _module_preset=&#8221;default&#8221; text_font_size=&#8221;30px&#8221; text_line_height=&#8221;1.2em&#8221; text_orientation=&#8221;center&#8221; global_colors_info=&#8221;{}&#8221;]<\/p>\n<p>Was mir am meisten gef\u00e4llt, ist die <strong>enge Zusammenarbeit<\/strong>. Es ist toll zu sehen, wie die Kollegen sich erg\u00e4nzen und wir <strong>gemeinsam Ziele erreichen<\/strong>.<\/p>\n<p>[\/et_pb_text][et_pb_text admin_label=&#8221;Name, Jobbezeichnung&#8221; _builder_version=&#8221;4.27.4&#8243; _module_preset=&#8221;default&#8221; text_orientation=&#8221;center&#8221; global_colors_info=&#8221;{}&#8221;]<\/p>\n<p>Sarah Schecker, Personal\u00adsachbearbeitung und Recruiting<\/p>\n<p>[\/et_pb_text][et_pb_divider color=&#8221;#FFE600&#8243; divider_weight=&#8221;2px&#8221; _builder_version=&#8221;4.27.4&#8243; _module_preset=&#8221;default&#8221; custom_margin=&#8221;30px||||false|false&#8221; global_colors_info=&#8221;{}&#8221;][\/et_pb_divider][dsm_image_carousel gallery_ids=&#8221;5920,5918,5919,5917,5916,5915,5914,5913&#8243; slide_to_show=&#8221;3&#8243; slide_to_scroll=&#8221;3&#8243; speed=&#8221;600&#8243; autoplay=&#8221;off&#8221; space_between=&#8221;2&#8243; use_arrow_custom_position=&#8221;on&#8221; arrow_custom_position=&#8221;-20px&#8221; arrow_prev=&#8221;on&#8221; arrow_prev_font_icon=&#8221;&#x34;||divi||400&#8243; arrow_next=&#8221;on&#8221; arrow_next_font_icon=&#8221;&#x35;||divi||400&#8243; arrow_size=&#8221;30px&#8221; dots=&#8221;off&#8221; grab=&#8221;off&#8221; arrow_color=&#8221;#3C3C3B&#8221; arrow_background_color=&#8221;#FFE600&#8243; disabled_on=&#8221;off|off|off&#8221; admin_label=&#8221;GALERIE&#8221; module_class=&#8221;bilder-slider&#8221; _builder_version=&#8221;4.27.4&#8243; _module_preset=&#8221;default&#8221; custom_margin=&#8221;20px||0px||false|false&#8221; custom_padding=&#8221;||0px||false|false&#8221; saved_tabs=&#8221;all&#8221; locked=&#8221;off&#8221; global_colors_info=&#8221;{}&#8221;][\/dsm_image_carousel][et_pb_video src=&#8221;https:\/\/ds-bremen.de\/wp-content\/uploads\/2026\/01\/Energu-Imagefilm.mp4&#8243; image_src=&#8221;https:\/\/ds-bremen.de\/wp-content\/uploads\/2026\/01\/ENERGU-Film-Thumbnail.webp&#8221; _builder_version=&#8221;4.27.4&#8243; _module_preset=&#8221;default&#8221; global_colors_info=&#8221;{}&#8221;][\/et_pb_video][et_pb_toggle title=&#8221;\u00dcber ENERGU und DS&#8221; open_toggle_text_color=&#8221;#3C3C3B&#8221; open_toggle_background_color=&#8221;#F2F2F2&#8243; closed_toggle_background_color=&#8221;#F2F2F2&#8243; icon_color=&#8221;#3C3C3B&#8221; toggle_icon=&#8221;&#x4c;||divi||400&#8243; use_icon_font_size=&#8221;on&#8221; icon_font_size=&#8221;22px&#8221; open_icon_color=&#8221;#3C3C3B&#8221; open_toggle_icon=&#8221;&#x4b;||divi||400&#8243; open_use_icon_font_size=&#8221;on&#8221; open_icon_font_size=&#8221;22px&#8221; admin_label=&#8221;Aufklapper&#8221; _builder_version=&#8221;4.27.4&#8243; _module_preset=&#8221;default&#8221; title_text_color=&#8221;#3C3C3B&#8221; title_level=&#8221;h3&#8243; title_font_size=&#8221;20px&#8221; border_width_all=&#8221;0px&#8221; global_colors_info=&#8221;{}&#8221;]<\/p>\n<p>ENERGU ist Mitglied der Unternehmensgruppe Diersch &amp; Schr\u00f6der. Die Diersch &amp; Schr\u00f6der GmbH &amp; Co. KG ist 1920 in Bremen gegr\u00fcndet worden und hat sich vom Schmierstoff- und Mineral\u00f6lh\u00e4ndler zu einem modernen Energie- und Chemieunternehmen mit bundesweit \u00fcber 1.000 Mitarbeiterinnen und Mitarbeitern entwickelt. Damit geh\u00f6rt die DS-Firmengruppe zu den anerkannten und erfolgreichen mittelst\u00e4ndischen Marktteilnehmern in Deutschland.<\/p>\n<p>[\/et_pb_toggle][\/et_pb_column][\/et_pb_row][et_pb_row column_structure=&#8221;3_5,2_5&#8243; admin_label=&#8221;Zeile&#8221; _builder_version=&#8221;4.27.4&#8243; _module_preset=&#8221;default&#8221; width=&#8221;100%&#8221; custom_margin=&#8221;40px||||false|false&#8221; custom_padding=&#8221;0px||0px||true|false&#8221; locked=&#8221;off&#8221; global_colors_info=&#8221;{}&#8221;][et_pb_column type=&#8221;3_5&#8243; _builder_version=&#8221;4.27.4&#8243; _module_preset=&#8221;default&#8221; global_colors_info=&#8221;{}&#8221;][et_pb_text admin_label=&#8221;Interesse geweckt&#8221; module_class=&#8221;text-balken f700&#8243; _builder_version=&#8221;4.27.4&#8243; _module_preset=&#8221;default&#8221; header_3_line_height=&#8221;1.2em&#8221; custom_margin=&#8221;||10px||false|false&#8221; custom_padding=&#8221;5px||||false|false&#8221; global_colors_info=&#8221;{}&#8221;]<\/p>\n<h3>Interesse geweckt?<\/h3>\n<p>[\/et_pb_text][et_pb_text admin_label=&#8221;AUTO: Infos und Bewerbung&#8221; _builder_version=&#8221;4.27.4&#8243; _dynamic_attributes=&#8221;content&#8221; _module_preset=&#8221;default&#8221; custom_margin=&#8221;||30px||false|false&#8221; global_colors_info=&#8221;{}&#8221;]@ET-DC@eyJkeW5hbWljIjp0cnVlLCJjb250ZW50IjoiY3VzdG9tX21ldGFfaW50ZXJlc3NlLXVuZC1pbmZvIiwic2V0dGluZ3MiOnsiYmVmb3JlIjoiIiwiYWZ0ZXIiOiIiLCJlbmFibGVfaHRtbCI6Im9uIn19@[\/et_pb_text][dsm_button button_one_css=&#8221;jobbuttonunten&#8221; button_two_id=&#8221;azubi-flyer&#8221; button_two_css=&#8221;jobbuttonunten&#8221; button_one_text=&#8221;Zum Bewerbungs-Formular&#8221; button_one_url=&#8221;@ET-DC@eyJkeW5hbWljIjp0cnVlLCJjb250ZW50IjoiY3VzdG9tX21ldGFfYmV3ZXJidW5nc2xpbmsiLCJzZXR0aW5ncyI6eyJiZWZvcmUiOiIiLCJhZnRlciI6IiIsImVuYWJsZV9odG1sIjoib2ZmIn19@&#8221; button_one_url_new_window=&#8221;on&#8221; button_two_text=&#8221;Azubi-Flyer \u00f6ffnen&#8221; button_two_url=&#8221;@ET-DC@eyJkeW5hbWljIjp0cnVlLCJjb250ZW50IjoiY3VzdG9tX21ldGFfYXp1YmktZmx5ZXIiLCJzZXR0aW5ncyI6eyJiZWZvcmUiOiIiLCJhZnRlciI6IiIsImVuYWJsZV9odG1sIjoib2ZmIn19@&#8221; button_two_url_new_window=&#8221;on&#8221; admin_label=&#8221;AUTO: Bewerbungslink \/ Azubi-Flyer&#8221; _builder_version=&#8221;4.27.4&#8243; _dynamic_attributes=&#8221;button_one_url,button_two_url&#8221; _module_preset=&#8221;default&#8221; custom_button_one=&#8221;on&#8221; button_one_text_color=&#8221;#3C3C3B&#8221; button_one_bg_color=&#8221;#FFE600&#8243; button_one_use_icon=&#8221;off&#8221; button_one_custom_padding=&#8221;10px||10px||true|false&#8221; custom_button_two=&#8221;on&#8221; button_two_text_color=&#8221;#3C3C3B&#8221; button_two_bg_color=&#8221;#FFE600&#8243; button_two_use_icon=&#8221;off&#8221; global_colors_info=&#8221;{}&#8221; button_one_text_color__hover=&#8221;#FFFFFF&#8221; button_one_text_color__hover_enabled=&#8221;on|desktop&#8221; button_one_bg_color__hover=&#8221;#3C3C3B&#8221; button_one_bg_color__hover_enabled=&#8221;on|hover&#8221; button_two_text_color__hover=&#8221;#FFFFFF&#8221; button_two_text_color__hover_enabled=&#8221;on|desktop&#8221; button_two_bg_color__hover=&#8221;#3C3C3B&#8221; button_two_bg_color__hover_enabled=&#8221;on|hover&#8221;][\/dsm_button][\/et_pb_column][et_pb_column type=&#8221;2_5&#8243; _builder_version=&#8221;4.27.4&#8243; _module_preset=&#8221;default&#8221; background_color=&#8221;RGBA(255,255,255,0)&#8221; global_colors_info=&#8221;{}&#8221;][et_pb_text admin_label=&#8221;Kontakt&#8221; module_class=&#8221;text-balken f700&#8243; _builder_version=&#8221;4.27.4&#8243; _module_preset=&#8221;default&#8221; header_3_line_height=&#8221;1.2em&#8221; custom_margin=&#8221;||10px||false|false&#8221; custom_padding=&#8221;5px||||false|false&#8221; global_colors_info=&#8221;{}&#8221;]<\/p>\n<h3>Kontakt<\/h3>\n<p>[\/et_pb_text][et_pb_text admin_label=&#8221;Kontakt&#8221; _builder_version=&#8221;4.27.4&#8243; _module_preset=&#8221;default&#8221; background_color=&#8221;RGBA(255,255,255,0)&#8221; global_colors_info=&#8221;{}&#8221;]<\/p>\n<p>Noch Fragen? Melde dich gerne per E-Mail an <a href=\"mailto:karriere@ds-bremen.de\">karriere@ds-bremen.de<\/a>. Wir freuen uns auf deine Nachricht!<\/p>\n<p>[\/et_pb_text][\/et_pb_column][\/et_pb_row][\/et_pb_section]<\/p>\n","protected":false},"excerpt":{"rendered":"<p>Lust auf erneuerbare Energie?Vollzeitab sofort \/ unbefristetremoteDeine Vorteile bei ENERGU:<div class=\"et_pb_module dsm_card_carousel dsm_card_carousel_0 dsm_card_carousel_layout_stacked  dsm_card_carousel_equal_height\">\n\t\t\t\t\n\t\t\t\t\n\t\t\t\t\n\t\t\t\t\n\t\t\t\t\n\t\t\t\t\n\t\t\t\t<div class=\"et_pb_module_inner\">\n\t\t\t\t\t\n\t\t\t\n\t\t\t<div class=\"swiper-container dsm_card_carousel_wrapper\" dir=\"ltr\" data-params=\"[{&quot;direction&quot;:&quot;horizontal&quot;,&quot;effect&quot;:&quot;default&quot;,&quot;slider_effect_shadows&quot;:false,&quot;slider_effect_coverflow_rotate&quot;:&quot;30&quot;,&quot;slider_effect_coverflow_depth&quot;:&quot;0&quot;,&quot;loop&quot;:true,&quot;infinite_smooth_scrolling&quot;:false,&quot;slide_to_show&quot;:&quot;3&quot;,&quot;slide_to_show_tablet&quot;:&quot;1&quot;,&quot;slide_to_show_phone&quot;:&quot;1&quot;,&quot;slide_to_scroll&quot;:&quot;1&quot;,&quot;slide_to_scroll_tablet&quot;:&quot;1&quot;,&quot;slide_to_scroll_phone&quot;:&quot;1&quot;,&quot;space_between&quot;:&quot;15&quot;,&quot;space_between_tablet&quot;:&quot;15&quot;,&quot;space_between_phone&quot;:&quot;15&quot;,&quot;centered_slides&quot;:false,&quot;multiple_slide_row&quot;:&quot;off&quot;,&quot;slide_row&quot;:&quot;1&quot;,&quot;slide_row_tablet&quot;:&quot;1&quot;,&quot;slide_row_phone&quot;:&quot;1&quot;,&quot;speed&quot;:&quot;300&quot;,&quot;autoplay&quot;:false,&quot;autoplay_speed&quot;:&quot;3000&quot;,&quot;autoplay_viewport&quot;:&quot;&quot;,&quot;touch_move&quot;:true,&quot;grab&quot;:false,&quot;pause_on_hover&quot;:false,&quot;mousewheel&quot;:false,&quot;auto_height&quot;:false,&quot;equal_height&quot;:false,&quot;equal_height_tablet&quot;:true,&quot;equal_height_phone&quot;:true}]\">\n\t\t\t<div class=\"swiper-wrapper\"><\/div>\n\t\t\t<\/div><div class=\"swiper-button-prev dsm_card_carousel_arrow\" data-icon=\"&#x34;\"><\/div><div class=\"swiper-button-next dsm_card_carousel_arrow\" data-icon=\"&#x35;\"><\/div><div class=\"swiper-pagination dsm_card_carousel_pagination\"><\/div>\n\t\t\t\t<\/div>\n\t\t\t<\/div><div class=\"dsm_card_carousel_child dsm_card_carousel_child_0 swiper-slide\">\n\t\t\t\t\n\t\t\t\t\n\t\t\t\t\n\t\t\t\t\n\t\t\t\t\n\t\t\t\t\n\t\t\t\t<div class=\"et_pb_module_inner\">\n\t\t\t\t\t\n\t\t\t\n\t\t\t<figure class=\"dsm_card_carousel_child_image_wrapper dsm_card_carousel_child_badge_top_right\"><img decoding=\"async\" src=\"https:\/\/ds-bremen.de\/wp-content\/uploads\/2025\/05\/icon-karriere-arbeit.svg\" alt=\"Job Icon\" class=\"dsm_card_carousel_child_img  dsm_card_carousel_image_stretch skip-lazy\" \/><\/figure>\n\t\t\t<div class=\"dsm_card_wrapper et_pb_text_align_center et_pb_bg_layout_light\">\n\t\t\t\t\t\n\t\t\t\t\t\n\t\t\t\t\t<div class=\"dsm_card_carousel_child_description\">Eine spannende und eigenverantwortliche Aufgabe in einem jungen und dynamischen Umfeld<\/div>\n\t\t\t\t\t\n\t\t\t\t<\/div>\n\t\t\t\t<\/div>\n\t\t\t<\/div><div class=\"dsm_card_carousel_child dsm_card_carousel_child_1 swiper-slide\">\n\t\t\t\t\n\t\t\t\t\n\t\t\t\t\n\t\t\t\t\n\t\t\t\t\n\t\t\t\t\n\t\t\t\t<div class=\"et_pb_module_inner\">\n\t\t\t\t\t\n\t\t\t\n\t\t\t<figure class=\"dsm_card_carousel_child_image_wrapper dsm_card_carousel_child_badge_top_right\"><img decoding=\"async\" src=\"https:\/\/ds-bremen.de\/wp-content\/uploads\/2025\/05\/IC77D21.svg\" alt=\"Icon sicherer Arbeitsplatz\" class=\"dsm_card_carousel_child_img  dsm_card_carousel_image_stretch skip-lazy\" \/><\/figure>\n\t\t\t<div class=\"dsm_card_wrapper et_pb_text_align_center et_pb_bg_layout_light\">\n\t\t\t\t\t\n\t\t\t\t\t\n\t\t\t\t\t<div class=\"dsm_card_carousel_child_description\">Einen unbefristeten Arbeitsvertrag<\/div>\n\t\t\t\t\t\n\t\t\t\t<\/div>\n\t\t\t\t<\/div>\n\t\t\t<\/div><div class=\"dsm_card_carousel_child dsm_card_carousel_child_2 swiper-slide\">\n\t\t\t\t\n\t\t\t\t\n\t\t\t\t\n\t\t\t\t\n\t\t\t\t\n\t\t\t\t\n\t\t\t\t<div class=\"et_pb_module_inner\">\n\t\t\t\t\t\n\t\t\t\n\t\t\t<figure class=\"dsm_card_carousel_child_image_wrapper dsm_card_carousel_child_badge_top_right\"><img decoding=\"async\" src=\"https:\/\/ds-bremen.de\/wp-content\/uploads\/2025\/05\/ICF3991.svg\" alt=\"Icon Kartellrecht\" class=\"dsm_card_carousel_child_img  dsm_card_carousel_image_stretch skip-lazy\" \/><\/figure>\n\t\t\t<div class=\"dsm_card_wrapper et_pb_text_align_center et_pb_bg_layout_light\">\n\t\t\t\t\t\n\t\t\t\t\t\n\t\t\t\t\t<div class=\"dsm_card_carousel_child_description\">Eine professionelle und gut strukturierte Einarbeitungsphase in unserem Team<\/div>\n\t\t\t\t\t\n\t\t\t\t<\/div>\n\t\t\t\t<\/div>\n\t\t\t<\/div><div class=\"dsm_card_carousel_child dsm_card_carousel_child_3 swiper-slide\">\n\t\t\t\t\n\t\t\t\t\n\t\t\t\t\n\t\t\t\t\n\t\t\t\t\n\t\t\t\t\n\t\t\t\t<div class=\"et_pb_module_inner\">\n\t\t\t\t\t\n\t\t\t\n\t\t\t<figure class=\"dsm_card_carousel_child_image_wrapper dsm_card_carousel_child_badge_top_right\"><img decoding=\"async\" src=\"https:\/\/ds-bremen.de\/wp-content\/uploads\/2025\/05\/icon-karriere-team.svg\" alt=\"nettes Team\" class=\"dsm_card_carousel_child_img  dsm_card_carousel_image_stretch skip-lazy\" \/><\/figure>\n\t\t\t<div class=\"dsm_card_wrapper et_pb_text_align_center et_pb_bg_layout_light\">\n\t\t\t\t\t\n\t\t\t\t\t\n\t\t\t\t\t<div class=\"dsm_card_carousel_child_description\">Die Arbeit in einem Team mit starkem Teamspirit und gegenseitiger Unterst\u00fctzung<\/div>\n\t\t\t\t\t\n\t\t\t\t<\/div>\n\t\t\t\t<\/div>\n\t\t\t<\/div><div class=\"dsm_card_carousel_child dsm_card_carousel_child_4 swiper-slide\">\n\t\t\t\t\n\t\t\t\t\n\t\t\t\t\n\t\t\t\t\n\t\t\t\t\n\t\t\t\t\n\t\t\t\t<div class=\"et_pb_module_inner\">\n\t\t\t\t\t\n\t\t\t\n\t\t\t<figure class=\"dsm_card_carousel_child_image_wrapper dsm_card_carousel_child_badge_top_right\"><img decoding=\"async\" src=\"https:\/\/ds-bremen.de\/wp-content\/uploads\/2025\/05\/icon-karriere-herz-3.svg\" alt=\"nettes Team\" class=\"dsm_card_carousel_child_img  dsm_card_carousel_image_stretch skip-lazy\" \/><\/figure>\n\t\t\t<div class=\"dsm_card_wrapper et_pb_text_align_center et_pb_bg_layout_light\">\n\t\t\t\t\t\n\t\t\t\t\t\n\t\t\t\t\t<div class=\"dsm_card_carousel_child_description\">Eine offene kreative Unternehmenskultur mit flachen Hierarchien<\/div>\n\t\t\t\t\t\n\t\t\t\t<\/div>\n\t\t\t\t<\/div>\n\t\t\t<\/div><div class=\"dsm_card_carousel_child dsm_card_carousel_child_5 swiper-slide\">\n\t\t\t\t\n\t\t\t\t\n\t\t\t\t\n\t\t\t\t\n\t\t\t\t\n\t\t\t\t\n\t\t\t\t<div class=\"et_pb_module_inner\">\n\t\t\t\t\t\n\t\t\t\n\t\t\t<figure class=\"dsm_card_carousel_child_image_wrapper dsm_card_carousel_child_badge_top_right\"><img decoding=\"async\" src=\"https:\/\/ds-bremen.de\/wp-content\/uploads\/2025\/05\/icon-karriere-aufstieg.svg\" alt=\"nettes Team\" class=\"dsm_card_carousel_child_img  dsm_card_carousel_image_stretch skip-lazy\" \/><\/figure>\n\t\t\t<div class=\"dsm_card_wrapper et_pb_text_align_center et_pb_bg_layout_light\">\n\t\t\t\t\t\n\t\t\t\t\t\n\t\t\t\t\t<div class=\"dsm_card_carousel_child_description\">Einen hohen Grad an Entwicklungspotential<\/div>\n\t\t\t\t\t\n\t\t\t\t<\/div>\n\t\t\t\t<\/div>\n\t\t\t<\/div><div class=\"dsm_card_carousel_child dsm_card_carousel_child_6 swiper-slide\">\n\t\t\t\t\n\t\t\t\t\n\t\t\t\t\n\t\t\t\t\n\t\t\t\t\n\t\t\t\t\n\t\t\t\t<div class=\"et_pb_module_inner\">\n\t\t\t\t\t\n\t\t\t\n\t\t\t<figure class=\"dsm_card_carousel_child_image_wrapper dsm_card_carousel_child_badge_top_right\"><img decoding=\"async\" src=\"https:\/\/ds-bremen.de\/wp-content\/uploads\/2025\/11\/icon-studium.svg\" alt=\"Icon Kartellrecht\" class=\"dsm_card_carousel_child_img  dsm_card_carousel_image_stretch skip-lazy\" \/><\/figure>\n\t\t\t<div class=\"dsm_card_wrapper et_pb_text_align_center et_pb_bg_layout_light\">\n\t\t\t\t\t\n\t\t\t\t\t\n\t\t\t\t\t<div class=\"dsm_card_carousel_child_description\">F\u00f6rderung der eigenen fachlichen sowie pers\u00f6nlichen Weiterentwicklung<\/div>\n\t\t\t\t\t\n\t\t\t\t<\/div>\n\t\t\t\t<\/div>\n\t\t\t<\/div><div class=\"dsm_card_carousel_child dsm_card_carousel_child_7 swiper-slide\">\n\t\t\t\t\n\t\t\t\t\n\t\t\t\t\n\t\t\t\t\n\t\t\t\t\n\t\t\t\t\n\t\t\t\t<div class=\"et_pb_module_inner\">\n\t\t\t\t\t\n\t\t\t\n\t\t\t<figure class=\"dsm_card_carousel_child_image_wrapper dsm_card_carousel_child_badge_top_right\"><img decoding=\"async\" src=\"https:\/\/ds-bremen.de\/wp-content\/uploads\/2025\/04\/icon-korruption.svg\" alt=\"Icon Kartellrecht\" class=\"dsm_card_carousel_child_img  dsm_card_carousel_image_stretch skip-lazy\" \/><\/figure>\n\t\t\t<div class=\"dsm_card_wrapper et_pb_text_align_center et_pb_bg_layout_light\">\n\t\t\t\t\t\n\t\t\t\t\t\n\t\t\t\t\t<div class=\"dsm_card_carousel_child_description\">Pr\u00e4mienprogramm f\u00fcr Empfehlungen von neuen Mitarbeitenden<\/div>\n\t\t\t\t\t\n\t\t\t\t<\/div>\n\t\t\t\t<\/div>\n\t\t\t<\/div><div class=\"dsm_card_carousel_child dsm_card_carousel_child_8 swiper-slide\">\n\t\t\t\t\n\t\t\t\t\n\t\t\t\t\n\t\t\t\t\n\t\t\t\t\n\t\t\t\t\n\t\t\t\t<div class=\"et_pb_module_inner\">\n\t\t\t\t\t\n\t\t\t\n\t\t\t<figure class=\"dsm_card_carousel_child_image_wrapper dsm_card_carousel_child_badge_top_right\"><img decoding=\"async\" src=\"https:\/\/ds-bremen.de\/wp-content\/uploads\/2025\/05\/icon-karriere-rente.svg\" alt=\"Icon Kartellrecht\" class=\"dsm_card_carousel_child_img  dsm_card_carousel_image_stretch skip-lazy\" \/><\/figure>\n\t\t\t\n\t\t\t\t<\/div>\n\t\t\t<\/div>Betriebliche [&hellip;]<\/p>\n","protected":false},"featured_media":0,"menu_order":0,"template":"","meta":{"_acf_changed":false,"_et_pb_use_builder":"on","_et_pb_old_content":"","_et_gb_content_width":""},"job_category":[69,28],"job_tag":[37],"class_list":["post-5895","job","type-job","status-publish","hentry","job_category-remote-deutschlandweit","job_category-vollzeit","job_tag-landingpage"],"acf":{"jobbezeichnung":"Sales Manager Standortakquise (m\/w\/d)","arbeitszeit":"Vollzeit","veroffentlichungsdatum":"20260112","bewerbungslink":{"title":"","url":"https:\/\/jobapplication.hrworks.de\/apply?companyId=apa2c698&id=b5540f","target":"_blank"},"allgemeine_beschreibung":"ENERGU verbindet auf innovative Art und Weise Ladeinfrastruktur f\u00fcr E-Mobilit\u00e4t mit erneuerbarer Energie. Unsere Kernkompetenzen sind die Planung, Errichtung und der Betrieb von Ladeparks in Deutschland. Vom Konzept \u00fcber die Umsetzung bis hin zur Betriebsf\u00fchrung sind wir f\u00fcr unsere Kunden da. Im Zuge unserer weiteren Wachstumsstrategie suchen wir dich zum n\u00e4chstm\u00f6glichen Eintrittstermin als <strong>Sales Manager Standortakquise (m\/w\/d) in Vollzeit \u2013 remote.<\/strong>","arbeitgeber":"ENERGU GmbH","aufgaben":"<ul>\r\n \t<li>Akquise geeigneter Standorte f\u00fcr E-Mobilit\u00e4tsprojekte in Deutschland<\/li>\r\n \t<li>Verhandlung mit Grundst\u00fcckseigent\u00fcmern<\/li>\r\n \t<li>Aufbau und Pflege von Fl\u00e4chenkooperationen<\/li>\r\n \t<li>Markt- und Wettbewerbsbeobachtung sowie Analyse regionaler Entwicklungspotenziale<\/li>\r\n \t<li>Durchf\u00fchrung von Standort- und Wirtschaftlichkeitsanalysen<\/li>\r\n \t<li>Erstellung von Auswertungen und Statistiken<\/li>\r\n \t<li>Unterst\u00fctzung des Vertriebsteams<\/li>\r\n<\/ul>","anforderungen":"<ul>\r\n \t<li>Erfolgreich abgeschlossene kaufm\u00e4nnische Ausbildung oder abgeschlossenes betriebswirtschaftliches Studium<\/li>\r\n \t<li>Erste Berufserfahrung in einer vergleichbaren Position von Vorteil<\/li>\r\n \t<li>Ausgepr\u00e4gte Kommunikations- und Verhandlungsst\u00e4rke<\/li>\r\n \t<li>Eine starke Begeisterung f\u00fcr Produkte aus dem Bereich der erneuerbaren Energien<\/li>\r\n \t<li>Hohe Vertrauensw\u00fcrdigkeit und Zuverl\u00e4ssigkeit<\/li>\r\n \t<li>Selbstst\u00e4ndige und kooperative Arbeitsweise<\/li>\r\n \t<li>Hohe Eigeninitiative und Reisebereitschaft<\/li>\r\n \t<li>Spa\u00df am Umgang mit Menschen und Freude an Teamarbeit<\/li>\r\n \t<li>Sicherer Umgang mit den g\u00e4ngigen MS-Office-Programmen<\/li>\r\n<\/ul>","benefits":"<ul>\r\n \t<li>Eine spannende und eigenverantwortliche Aufgabe in einem jungen und dynamischen Umfeld<\/li>\r\n \t<li>Einen unbefristeten Arbeitsvertrag<\/li>\r\n \t<li>Die Arbeit in einem Team mit starkem Teamspirit und gegenseitiger Unterst\u00fctzung<\/li>\r\n \t<li>Eine professionelle und gut strukturierte Einarbeitungsphase in unserem Team<\/li>\r\n \t<li>Eine offene kreative Unternehmenskultur mit flachen Hierarchien<\/li>\r\n \t<li>Einen hohen Grad an Entwicklungspotential<\/li>\r\n \t<li>F\u00f6rderung der eigenen fachlichen sowie pers\u00f6nlichen Weiterentwicklung<\/li>\r\n \t<li>Pr\u00e4mienprogramm f\u00fcr Empfehlungen von neuen Mitarbeitenden<\/li>\r\n \t<li>Betriebliche Altersvorsorge<\/li>\r\n \t<li>M\u00f6glichkeit eines Remote-Arbeitsplatzes<\/li>\r\n \t<li>Verg\u00fcnstigte Teilnahme am EGYM Wellpass<\/li>\r\n<\/ul>","interesse-und-info":"<strong>Hast du Lust auf erneuerbare Energie und Akquise?<\/strong> Dann werde ein Teil von ENERGU und der Diersch &amp; Schr\u00f6der Gruppe und sende uns deine digitale Bewerbung unter Angabe deiner Gehaltsvorstellung \u00fcber den nachfolgenden Bewerbungslink zu. Weitergehende Informationen zu <a href=\"https:\/\/energu.de\/\" target=\"_blank\" rel=\"noopener\">ENERGU<\/a> bzw. \u00fcber die Unternehmens\u00adgruppe Diersch &amp; Schr\u00f6der finden Sie hier auf unserer <a href=\"https:\/\/ds-bremen.de\/karriere\/\">Webseite<\/a> und unseren <a href=\"https:\/\/wonderl.ink\/@ds-gruppe\" target=\"_blank\" rel=\"noopener noreferrer\">Social-Media-Profilen<\/a>.","beginn":"ab sofort","logo_des_arbeitgebers":3732,"website_des_arbeitgebers":{"title":"","url":"https:\/\/energu.de\/","target":"_blank"},"vorschautext":"Lust auf erneuerbare Energie? Komm zur ENERGU GmbH!","titelbild":5912,"azubi-flyer":"","adresse":"remote","arbeitsort":"remote","plz":"","arbeitsstrasse":"","bundesland":"","land":"DE"},"_links":{"self":[{"href":"https:\/\/ds-bremen.de\/en\/wp-json\/wp\/v2\/job\/5895","targetHints":{"allow":["GET"]}}],"collection":[{"href":"https:\/\/ds-bremen.de\/en\/wp-json\/wp\/v2\/job"}],"about":[{"href":"https:\/\/ds-bremen.de\/en\/wp-json\/wp\/v2\/types\/job"}],"version-history":[{"count":18,"href":"https:\/\/ds-bremen.de\/en\/wp-json\/wp\/v2\/job\/5895\/revisions"}],"predecessor-version":[{"id":5959,"href":"https:\/\/ds-bremen.de\/en\/wp-json\/wp\/v2\/job\/5895\/revisions\/5959"}],"wp:attachment":[{"href":"https:\/\/ds-bremen.de\/en\/wp-json\/wp\/v2\/media?parent=5895"}],"wp:term":[{"taxonomy":"job_category","embeddable":true,"href":"https:\/\/ds-bremen.de\/en\/wp-json\/wp\/v2\/job_category?post=5895"},{"taxonomy":"job_tag","embeddable":true,"href":"https:\/\/ds-bremen.de\/en\/wp-json\/wp\/v2\/job_tag?post=5895"}],"curies":[{"name":"wp","href":"https:\/\/api.w.org\/{rel}","templated":true}]}}